{"id":10167,"date":"2024-05-29T15:27:41","date_gmt":"2024-05-29T15:27:41","guid":{"rendered":"https:\/\/l2-rent.com\/?page_id=10167"},"modified":"2024-10-10T14:20:08","modified_gmt":"2024-10-10T14:20:08","slug":"terms-conditions","status":"publish","type":"page","link":"https:\/\/l2-rent.com\/pt\/terms-conditions\/","title":{"rendered":"Termos e Condi\u00e7\u00f5es"},"content":{"rendered":"<h4>A L2 Rent localizada na Zona Industrial de Santa Barbara, Rua G n21, CP 9900-408 \u2013 Horta, denominada Locadora e o Cliente que assinou o presente contrato de loca\u00e7\u00e3o, denominado Locat\u00e1rio, celebram o presente contrato de loca\u00e7\u00e3o, regido pelo seguinte:<\/h4>\n<h5>1 \u2013 O Locat\u00e1rio declara expressamente que:<\/h5>\n<ul>\n<li>Recebi o ve\u00edculo com tanque de combust\u00edvel cheio e em perfeitas condi\u00e7\u00f5es de uso e opera\u00e7\u00e3o.<\/li>\n<li>Est\u00e1 ciente de que o ve\u00edculo dever\u00e1 ser conduzido somente pelo Locat\u00e1rio e\/ou somente por motoristas adicionais que estejam obrigatoriamente inclu\u00eddos neste contrato.<\/li>\n<li>N\u00e3o utilizar\u00e1 o ve\u00edculo para transportar mercadorias que violem as normas alfandeg\u00e1rias ou que sejam ilegais de qualquer forma.<\/li>\n<li>N\u00e3o utilizar\u00e1 o ve\u00edculo para transportar mercadorias ou passageiros em troca de qualquer remunera\u00e7\u00e3o impl\u00edcita ou expl\u00edcita.<\/li>\n<li>N\u00e3o sublocar\u00e1 o ve\u00edculo.<\/li>\n<li>N\u00e3o use o ve\u00edculo para puxar, empurrar ou rebocar qualquer ve\u00edculo.<\/li>\n<li>N\u00e3o utilizar\u00e1 o ve\u00edculo para eventos esportivos, com\u00edcios ou competi\u00e7\u00f5es.<\/li>\n<li>N\u00e3o dirigir\u00e1 e n\u00e3o permitir\u00e1 que ningu\u00e9m dirija o ve\u00edculo sob influ\u00eancia de \u00e1lcool ou narc\u00f3ticos.<\/li>\n<li>N\u00e3o ser\u00e3o efetuadas trocas de pe\u00e7as, acess\u00f3rios ou quaisquer altera\u00e7\u00f5es mec\u00e2nicas, el\u00e9tricas, eletr\u00f4nicas e\/ou est\u00e9ticas no ve\u00edculo.<\/li>\n<\/ul>\n<h5>2 \u2013 O Locat\u00e1rio declara ter recebido o ve\u00edculo com:<\/h5>\n<ul>\n<li>1 chave do ve\u00edculo.<\/li>\n<li>1 conjunto de tapetes de borracha.<\/li>\n<li>1 tri\u00e2ngulo de advert\u00eancia, 1 colete refletivo, 1 roda sobressalente ou 1 sistema de enchimento de pneus e 1 conjunto de ferramentas padr\u00e3o.<\/li>\n<li>1 c\u00f3pia autenticada do documento do ve\u00edculo, 1 carta de seguro e 1 formul\u00e1rio de inspe\u00e7\u00e3o.<\/li>\n<\/ul>\n<h5>Em caso de perda ou destrui\u00e7\u00e3o de qualquer um dos itens abaixo, o Locat\u00e1rio pagar\u00e1 ao Locador o valor do respectivo item, acrescido das taxas administrativas, da seguinte forma:<\/h5>\n<ul>\n<li>Chave do ve\u00edculo \u2013 500\u20ac.<\/li>\n<li>Tri\u00e2ngulo de sinaliza\u00e7\u00e3o \u2013 15\u20ac.<\/li>\n<li>Conjunto de tapetes de borracha \u2013 40\u20ac.<\/li>\n<li>Colete refletor \u2013 10\u20ac.<\/li>\n<li>Roda e pneu sobressalente \u2013 300\u20ac.<\/li>\n<li>Kit sistema de enchimento de pneus \u2013 50\u20ac.<\/li>\n<li>Chave de roda \u2013 30\u20ac.<\/li>\n<li>Parafuso de roda, cada unidade \u2013 5\u20ac.<\/li>\n<li>Macaco tesoura \u2013 \u20ac 55.<\/li>\n<li>Documentos do ve\u00edculo, cada um \u2013 20\u20ac.<\/li>\n<\/ul>\n<h5>3 \u2013 Em caso de cancelamentos informados por e-mail, ser\u00e3o aplicadas as seguintes regras:<\/h5>\n<ul>\n<li>At\u00e9 48 horas antes do hor\u00e1rio de retirada, 100% do valor total ser\u00e1 reembolsado, menos taxas.<\/li>\n<li>Menos de 48 horas antes do hor\u00e1rio de retirada, n\u00e3o haver\u00e1 reembolso do valor pago.<\/li>\n<\/ul>\n<h5>Caso uma reserva tenha sua data de retirada adiada, o per\u00edodo a ser considerado em caso de cancelamento ser\u00e1 a partir da primeira data e hora acordadas, antes do adiamento.<\/h5>\n<h5>4 \u2013 O per\u00edodo m\u00ednimo de aluguer a ser cobrado \u00e9 de um dia (24H). Em casos de atrasos superiores a 1 hora na devolu\u00e7\u00e3o do carro sem que a Locadora tenha sido previamente notificada, o Locat\u00e1rio poder\u00e1 ser cobrado por um dia extra de aluguer. As recolhas e devolu\u00e7\u00f5es que ocorram entre as 22:01 e as 06:59 estar\u00e3o sujeitas a taxas de servi\u00e7o fora de horas de 10\u20ac cada. Caso o Locat\u00e1rio pretenda alterar a hora de recolha ou a hora de devolu\u00e7\u00e3o do ve\u00edculo, dever\u00e1 contactar a Locadora com, pelo menos, 4 horas de anteced\u00eancia da hora pretendida ou da hora indicada no contrato, consoante o que for menor. Caso o pedido seja efetuado com menos de 4 horas de anteced\u00eancia, o mesmo poder\u00e1 n\u00e3o ser atendido. O atraso na recolha do ve\u00edculo por motivos alheios \u00e0 vontade da Locadora n\u00e3o implicar\u00e1 desconto no valor do contrato. A entrega antecipada do ve\u00edculo n\u00e3o implicar\u00e1 reembolso.<\/h5>\n<h5>5 \u2013 O condutor dever\u00e1 ter pelo menos 19 anos e possuir carta de condu\u00e7\u00e3o v\u00e1lida em Portugal, com pelo menos 1 ano de experi\u00eancia.<\/h5>\n<h5>6 \u2013 Combust\u00edvel: o Locat\u00e1rio receber\u00e1 o ve\u00edculo com o tanque cheio e dever\u00e1 devolv\u00ea-lo da mesma forma. Caso o ve\u00edculo seja devolvido com o tanque incompleto, o Locat\u00e1rio pagar\u00e1 ao Locador o valor de \u20ac 20 por cada 1\/4 de tanque de combust\u00edvel em falta.<\/h5>\n<h5>7 \u2013 Os pre\u00e7os incluem: IVA, Seguro de Responsabilidade Civil (RC), manuten\u00e7\u00e3o e assist\u00eancia em viagem 24 horas.<\/h5>\n<h5>8 \u2013 Os pre\u00e7os n\u00e3o incluem: Despesas de estacionamento, combust\u00edvel, lavagem e multas.<\/h5>\n<h5>9 \u2013 O Seguro de Responsabilidade Civil (RC) cobre:<\/h5>\n<ul>\n<li>Responsabilidade civil, obrigat\u00f3ria e complementar.<\/li>\n<li>Acidentes pessoais de ocupantes de ve\u00edculos e terceiros.<\/li>\n<li>Pode cobrir choque, colis\u00e3o e capotamento.<\/li>\n<\/ul>\n<h5>O seguro TP n\u00e3o cobre os itens abaixo e caso ocorram, o Locat\u00e1rio dever\u00e1 pagar ao Locador os valores mencionados no momento da devolu\u00e7\u00e3o do ve\u00edculo:<\/h5>\n<ul>\n<li>Danos em vidros, espelhos, far\u00f3is, lanternas traseiras, travas, rodas e pneus \u2013 os valores ser\u00e3o calculados de acordo com os danos e pe\u00e7as afetadas.<\/li>\n<li>Abastecer com combust\u00edvel errado \u2013 taxa de 700\u20ac.<\/li>\n<li>Danos no motor\/caixa de c\u00e2mbio\/embreagem \u2013 os valores ser\u00e3o calculados de acordo com os danos e pe\u00e7as afetadas.<\/li>\n<li>Danos no interior do ve\u00edculo \u2013 os valores ser\u00e3o calculados de acordo com os danos e partes afetadas.<\/li>\n<li>Danos intencionais causados pelo Locat\u00e1rio ou pessoas sob sua responsabilidade ao ve\u00edculo ou a terceiros \u2013 ter\u00e3o os valores calculados de acordo com os danos e partes afetadas.<\/li>\n<li>Danos causados por pessoa dirigindo sem autoriza\u00e7\u00e3o legal e\/ou sem autoriza\u00e7\u00e3o da Locadora; sob efeito de \u00e1lcool, drogas ou por pessoa portadora de transtorno mental \u2013 os valores ser\u00e3o calculados de acordo com os danos e partes afetadas.<\/li>\n<li>Danos por participa\u00e7\u00e3o em eventos esportivos, ralis, desafios, concursos, competi\u00e7\u00f5es \u2013 os valores ser\u00e3o calculados de acordo com os danos e partes afetadas.<\/li>\n<li>Danos por condu\u00e7\u00e3o negligente, incompet\u00eancia ou mau uso do ve\u00edculo \u2013 os valores ser\u00e3o calculados de acordo com os danos e partes afetadas.<\/li>\n<li>Danos por dirigir em desacordo com as leis e normas de tr\u00e2nsito locais e\/ou desacordo com as advert\u00eancias das autoridades e placas de tr\u00e2nsito, de perigo ou risco, por dirigir, ser parado ou estacionado em locais proibidos, por dirigir, ser parado ou estacionado em locais fechados pelas autoridades \u2013 os valores ser\u00e3o calculados de acordo com os danos e partes afetadas.<\/li>\n<li>Danos decorrentes do uso para empurrar ou rebocar qualquer ve\u00edculo, reboque ou qualquer outro objeto \u2013 os valores ser\u00e3o calculados de acordo com os danos e pe\u00e7as afetadas.<\/li>\n<li>Danos ocorreram em:\n<ul class=\"ps-6\">\n<li>Transporte de passageiros ou mercadorias em troca de qualquer remunera\u00e7\u00e3o, expl\u00edcita ou impl\u00edcita.<\/li>\n<li>Para o transporte de passageiros e\/ou mercadorias em desacordo com o que, ali\u00e1s, est\u00e1 previsto nas caracter\u00edsticas do ve\u00edculo.<\/li>\n<li>Para o transporte de mercadorias proibidas ou ilegais, ou em viola\u00e7\u00e3o \u00e0 regulamenta\u00e7\u00e3o alfandeg\u00e1ria.<\/li>\n<\/ul>\n<\/li>\n<li>Danos decorrentes de acidentes n\u00e3o comunicados ao Locador e \u00e0 pol\u00edcia - os valores ser\u00e3o calculados de acordo com os danos e partes afetadas.<\/li>\n<li>Danos ou perdas de pertences do Locat\u00e1rio deixados no ve\u00edculo.<\/li>\n<\/ul>\n<h5>Em qualquer destes casos, o seguro n\u00e3o ser\u00e1 efetivo, devendo o Locat\u00e1rio pagar ao Locador todos os custos relativos aos danos causados, ao reboque do ve\u00edculo at\u00e9 o local de reparo, bem como a indeniza\u00e7\u00e3o correspondente ao tempo de inatividade do ve\u00edculo danificado. Os valores ser\u00e3o calculados e apresentados ao Locat\u00e1rio. Os motoristas s\u00e3o respons\u00e1veis por todas as infra\u00e7\u00f5es rodovi\u00e1rias que cometerem.<\/h5>\n<h5>10 \u2013 Os custos de reboque ser\u00e3o suportados pelo Locador apenas em casos de problemas no ve\u00edculo que n\u00e3o tenham sido causados pelo Locat\u00e1rio. Em situa\u00e7\u00f5es como perda da chave, falta de bateria por esquecimento de luzes, r\u00e1dio e\/ou outros itens el\u00e9tricos\/eletr\u00f4nicos conectados, falta de combust\u00edvel, encravamento ou danos nos pneus que ocorram por condu\u00e7\u00e3o fora de estradas pavimentadas e\/ou locais fechados pelas autoridades e outras situa\u00e7\u00f5es semelhantes, o Locat\u00e1rio pagar\u00e1 os custos de reboque e\/ou assist\u00eancia no valor de \u20ac 100.<\/h5>\n<h5>11 \u2013 Em caso de danos no ve\u00edculo, acidente, furto, roubo ou inc\u00eandio, o Locat\u00e1rio dever\u00e1:<\/h5>\n<ul>\n<li>Entre em contato com a Locadora nas pr\u00f3ximas 24 horas, sob pena de assumir todos os danos caso n\u00e3o o fa\u00e7a, mesmo em caso de danos ou perdas de pequena monta, e forne\u00e7a \u00e0 Locadora um relat\u00f3rio detalhado, contendo descri\u00e7\u00e3o detalhada do ocorrido, solicitando que seja acionada a Assist\u00eancia em Viagem, sempre que justificado.<\/li>\n<li>N\u00e3o se declarar respons\u00e1vel ou culpado pelo acidente perante as autoridades e\/ou testemunhas.<\/li>\n<li>Tire fotos dos ve\u00edculos envolvidos, na posi\u00e7\u00e3o em que estavam ap\u00f3s o acidente, bem como dos danos causados a todos os ve\u00edculos envolvidos.<\/li>\n<li>Ligue para as autoridades (telefone 112) e para a ambul\u00e2ncia se houver feridos.<\/li>\n<li>Comunique \u00e0s autoridades policiais o furto do ve\u00edculo, bem como qualquer acidente em que haja les\u00f5es corporais ou em que seja necess\u00e1ria a esclarecida culpa da outra parte.<\/li>\n<li>Preencha a \u201cDeclara\u00e7\u00e3o Amig\u00e1vel de Acidente de Carro\u201d sempre que o acidente envolver terceiros.<\/li>\n<li>Obtenha dos outros motoristas envolvidos:\n<ul class=\"ps-6\">\n<li>Nome, endere\u00e7o e n\u00famero de telefone.<\/li>\n<li>N\u00famero da carteira de motorista, data e local de emiss\u00e3o.<\/li>\n<li>Marca, modelo e n\u00famero de registro de outros ve\u00edculos.<\/li>\n<li>Ap\u00f3lice de seguro e seguradora dos demais ve\u00edculos envolvidos.<\/li>\n<\/ul>\n<\/li>\n<li>O Locat\u00e1rio \u00e9 obrigado a cooperar com o Locador e suas seguradoras em qualquer investiga\u00e7\u00e3o ou processo legal subsequente a qualquer acidente em que estejam envolvidos.<\/li>\n<li>Tome as medidas adequadas para proteger o ve\u00edculo antes de deixar o local do acidente.<\/li>\n<li>O Locador n\u00e3o se responsabiliza por acidentes que n\u00e3o sejam comunicados \u00e0 pol\u00edcia.<\/li>\n<\/ul>\n<h5>Caso estas medidas n\u00e3o sejam tomadas pelo Locat\u00e1rio, o seguro Pr\u00eamio ser\u00e1 totalmente nulo e sem efeito, devendo o Locat\u00e1rio arcar com todas as despesas.<\/h5>\n<h5>12 \u2013 O Locat\u00e1rio \u00e9 respons\u00e1vel pela manuten\u00e7\u00e3o do ve\u00edculo e seus equipamentos durante todo o per\u00edodo de loca\u00e7\u00e3o, devendo verificar os n\u00edveis de \u00f3leo, combust\u00edvel, \u00e1gua e press\u00e3o dos pneus. Deve manter o ve\u00edculo devidamente fechado e trancado fora de uso e n\u00e3o deixar objetos que possam ser roubados ou danificados no ve\u00edculo. N\u00e3o \u00e9 permitido fumar dentro do ve\u00edculo, sob pena de multa de 100\u20ac. N\u00e3o \u00e9 permitida a troca de pe\u00e7as ou quaisquer componentes e\/ou acess\u00f3rios do ve\u00edculo. N\u00e3o \u00e9 permitida a subloca\u00e7\u00e3o do ve\u00edculo locado. Reparos ou interven\u00e7\u00f5es no ve\u00edculo somente poder\u00e3o ser realizados por empresas contratadas pela Locadora. Em caso de sujeira excessiva, al\u00e9m do que \u00e9 esperado para o uso normal do ve\u00edculo (interior e\/ou exterior), ser\u00e1 aplicada uma taxa de limpeza de 15\u20ac.<\/h5>\n<h5>13 \u2013 O aluguer termina no dia e hora estabelecidos neste contrato de aluguer. Caso o Locat\u00e1rio pretenda prolongar o per\u00edodo de aluguer, dever\u00e1 contactar a Locadora para atualizar o seu contrato de aluguer at\u00e9 12 horas antes do seu t\u00e9rmino. A Locadora reserva-se o direito de n\u00e3o prolongar o contrato. Caso n\u00e3o haja tal consentimento, considera-se que o ve\u00edculo passa a circular sem autoriza\u00e7\u00e3o e contra a vontade do seu propriet\u00e1rio, sendo o facto punido por lei e da responsabilidade do condutor, sendo aplicada uma multa de incumprimento de 100\u20ac, para al\u00e9m dos custos di\u00e1rios de aluguer e seguro.<\/h5>\n<h5>14 \u2013 Caso o Locat\u00e1rio viole o Contrato de Loca\u00e7\u00e3o, a Locadora poder\u00e1 rescindi-lo imediatamente e sem aviso pr\u00e9vio e retirar o ve\u00edculo em qualquer depend\u00eancia ou local, sendo o Locat\u00e1rio respons\u00e1vel e dever\u00e1 indenizar a Locadora por todas as despesas, a\u00e7\u00f5es, reclama\u00e7\u00f5es, custos consequentes ou recorrentes e danos dessa mesma retirada e retirada.<\/h5>\n<h5>15 \u2013 O Locador n\u00e3o se responsabiliza por perdas ou danos materiais causados aos bens m\u00f3veis transportados ou deixados no ve\u00edculo, seja durante o per\u00edodo de loca\u00e7\u00e3o, seja ap\u00f3s o mesmo.<\/h5>\n<h5>16 \u2013 O presente contrato de arrendamento \u00e9 feito e assinado de acordo com as leis de Portugal e \u00e9 por elas regido. Ambas as partes acordam que o Tribunal Judicial da Comarca da Horta ser\u00e1 competente para resolver qualquer lit\u00edgio decorrente deste contrato. Em caso de lit\u00edgio, o consumidor pode recorrer ao centro de arbitragem de conflitos de consumo da Regi\u00e3o Aut\u00f3noma dos A\u00e7ores. O Locat\u00e1rio pode apresentar a sua reclama\u00e7\u00e3o em https:\/\/www.livroreclamacoes.pt.<\/h5>\n<h5>17 \u2013 Declaro que autorizo a Locadora a recolher, tratar e armazenar os meus dados pessoais, nomeadamente nome, n\u00famero de identifica\u00e7\u00e3o civil, n\u00famero de identifica\u00e7\u00e3o fiscal, passaporte e dados da carta de condu\u00e7\u00e3o. Os dados ser\u00e3o utilizados durante o tempo necess\u00e1rio \u00e0 execu\u00e7\u00e3o do servi\u00e7o contratado e permanecer\u00e3o em arquivo para efeitos de cumprimento de obriga\u00e7\u00f5es legais e legais e para prossecu\u00e7\u00e3o dos interesses leg\u00edtimos da empresa. Os dados nunca ser\u00e3o partilhados. Em caso de incumprimento deste contrato por parte da Locat\u00e1ria, os seus dados pessoais poder\u00e3o ser comunicados ou revelados a terceiros na medida necess\u00e1ria \u00e0 recupera\u00e7\u00e3o de preju\u00edzos relacionados com o incumprimento.<\/h5>","protected":false},"excerpt":{"rendered":"<p>A L2 Rent localizada na Zona Industrial de Santa B\u00e1rbara, Rua G n21, CP 9900-408 \u2013 Horta, denominada Locadora e o Cliente signat\u00e1rio do presente contrato de loca\u00e7\u00e3o, denominado Locat\u00e1rio, celebram o presente contrato de loca\u00e7\u00e3o, regido pelo seguinte: 1 \u2013 O Locat\u00e1rio declara expressamente que: Recebeu o ve\u00edculo com o tanque de combust\u00edvel cheio e\u2026<\/p>","protected":false},"author":1,"featured_media":0,"parent":0,"menu_order":0,"comment_status":"closed","ping_status":"closed","template":"","meta":{"footnotes":""},"class_list":["post-10167","page","type-page","status-publish","hentry","description-off"],"yoast_head":"<!-- This site is optimized with the Yoast SEO plugin v27.5 - https:\/\/yoast.com\/product\/yoast-seo-wordpress\/ -->\n<title>Terms &amp; Conditions - L2 Rent - Rent-a-Car no Faial, A\u00e7ores<\/title>\n<meta name=\"robots\" content=\"index, follow, max-snippet:-1, max-image-preview:large, max-video-preview:-1\" \/>\n<link rel=\"canonical\" href=\"https:\/\/l2-rent.com\/pt\/terms-conditions\/\" \/>\n<meta property=\"og:locale\" content=\"pt_PT\" \/>\n<meta property=\"og:type\" content=\"article\" \/>\n<meta property=\"og:title\" content=\"Terms &amp; Conditions - L2 Rent - Rent-a-Car no Faial, A\u00e7ores\" \/>\n<meta property=\"og:description\" content=\"L2 Rent located at Zona Industrial de Santa Barbara, Rua G n21, CP 9900-408 &#8211; Horta, called the Lessor and the Customer who signed this rental agreement, called the Lessee, enter into this rental agreement, governed by the following: 1 &#8211; The Lessee expressly declares that: Received the vehicle with a full fuel tank and&hellip;\" \/>\n<meta property=\"og:url\" content=\"https:\/\/l2-rent.com\/pt\/terms-conditions\/\" \/>\n<meta property=\"og:site_name\" content=\"L2 Rent - Rent-a-Car no Faial, A\u00e7ores\" \/>\n<meta property=\"article:modified_time\" content=\"2024-10-10T14:20:08+00:00\" \/>\n<meta name=\"twitter:card\" content=\"summary_large_image\" \/>\n<meta name=\"twitter:label1\" content=\"Tempo estimado de leitura\" \/>\n\t<meta name=\"twitter:data1\" content=\"10 minutos\" \/>\n<script type=\"application\/ld+json\" class=\"yoast-schema-graph\">{\"@context\":\"https:\\\/\\\/schema.org\",\"@graph\":[{\"@type\":\"WebPage\",\"@id\":\"https:\\\/\\\/l2-rent.com\\\/terms-conditions\\\/\",\"url\":\"https:\\\/\\\/l2-rent.com\\\/terms-conditions\\\/\",\"name\":\"Terms & Conditions - L2 Rent - Rent-a-Car no Faial, A\u00e7ores\",\"isPartOf\":{\"@id\":\"https:\\\/\\\/l2-rent.com\\\/#website\"},\"datePublished\":\"2024-05-29T15:27:41+00:00\",\"dateModified\":\"2024-10-10T14:20:08+00:00\",\"breadcrumb\":{\"@id\":\"https:\\\/\\\/l2-rent.com\\\/terms-conditions\\\/#breadcrumb\"},\"inLanguage\":\"pt-PT\",\"potentialAction\":[{\"@type\":\"ReadAction\",\"target\":[\"https:\\\/\\\/l2-rent.com\\\/terms-conditions\\\/\"]}]},{\"@type\":\"BreadcrumbList\",\"@id\":\"https:\\\/\\\/l2-rent.com\\\/terms-conditions\\\/#breadcrumb\",\"itemListElement\":[{\"@type\":\"ListItem\",\"position\":1,\"name\":\"Home\",\"item\":\"https:\\\/\\\/l2-rent.com\\\/\"},{\"@type\":\"ListItem\",\"position\":2,\"name\":\"Terms &#038; Conditions\"}]},{\"@type\":\"WebSite\",\"@id\":\"https:\\\/\\\/l2-rent.com\\\/#website\",\"url\":\"https:\\\/\\\/l2-rent.com\\\/\",\"name\":\"L2 Rent - Rent-a-Car no Faial, A\u00e7ores\",\"description\":\"Rent-a-Car na cidade da Horta, ilha do Faial, A\u00e7ores\",\"publisher\":{\"@id\":\"https:\\\/\\\/l2-rent.com\\\/#organization\"},\"potentialAction\":[{\"@type\":\"SearchAction\",\"target\":{\"@type\":\"EntryPoint\",\"urlTemplate\":\"https:\\\/\\\/l2-rent.com\\\/?s={search_term_string}\"},\"query-input\":{\"@type\":\"PropertyValueSpecification\",\"valueRequired\":true,\"valueName\":\"search_term_string\"}}],\"inLanguage\":\"pt-PT\"},{\"@type\":\"Organization\",\"@id\":\"https:\\\/\\\/l2-rent.com\\\/#organization\",\"name\":\"L2 Rent - Rent-a-Car no Faial, A\u00e7ores\",\"url\":\"https:\\\/\\\/l2-rent.com\\\/\",\"logo\":{\"@type\":\"ImageObject\",\"inLanguage\":\"pt-PT\",\"@id\":\"https:\\\/\\\/l2-rent.com\\\/#\\\/schema\\\/logo\\\/image\\\/\",\"url\":\"https:\\\/\\\/l2-rent.com\\\/wp-content\\\/uploads\\\/2024\\\/05\\\/logo-final-retina-vermelho.png\",\"contentUrl\":\"https:\\\/\\\/l2-rent.com\\\/wp-content\\\/uploads\\\/2024\\\/05\\\/logo-final-retina-vermelho.png\",\"width\":369,\"height\":82,\"caption\":\"L2 Rent - Rent-a-Car no Faial, A\u00e7ores\"},\"image\":{\"@id\":\"https:\\\/\\\/l2-rent.com\\\/#\\\/schema\\\/logo\\\/image\\\/\"}}]}<\/script>\n<!-- \/ Yoast SEO plugin. -->","yoast_head_json":{"title":"Terms & Conditions - L2 Rent - Rent-a-Car no Faial, A\u00e7ores","robots":{"index":"index","follow":"follow","max-snippet":"max-snippet:-1","max-image-preview":"max-image-preview:large","max-video-preview":"max-video-preview:-1"},"canonical":"https:\/\/l2-rent.com\/pt\/terms-conditions\/","og_locale":"pt_PT","og_type":"article","og_title":"Terms & Conditions - L2 Rent - Rent-a-Car no Faial, A\u00e7ores","og_description":"L2 Rent located at Zona Industrial de Santa Barbara, Rua G n21, CP 9900-408 &#8211; Horta, called the Lessor and the Customer who signed this rental agreement, called the Lessee, enter into this rental agreement, governed by the following: 1 &#8211; The Lessee expressly declares that: Received the vehicle with a full fuel tank and&hellip;","og_url":"https:\/\/l2-rent.com\/pt\/terms-conditions\/","og_site_name":"L2 Rent - Rent-a-Car no Faial, A\u00e7ores","article_modified_time":"2024-10-10T14:20:08+00:00","twitter_card":"summary_large_image","twitter_misc":{"Tempo estimado de leitura":"10 minutos"},"schema":{"@context":"https:\/\/schema.org","@graph":[{"@type":"WebPage","@id":"https:\/\/l2-rent.com\/terms-conditions\/","url":"https:\/\/l2-rent.com\/terms-conditions\/","name":"Terms & Conditions - L2 Rent - Rent-a-Car no Faial, A\u00e7ores","isPartOf":{"@id":"https:\/\/l2-rent.com\/#website"},"datePublished":"2024-05-29T15:27:41+00:00","dateModified":"2024-10-10T14:20:08+00:00","breadcrumb":{"@id":"https:\/\/l2-rent.com\/terms-conditions\/#breadcrumb"},"inLanguage":"pt-PT","potentialAction":[{"@type":"ReadAction","target":["https:\/\/l2-rent.com\/terms-conditions\/"]}]},{"@type":"BreadcrumbList","@id":"https:\/\/l2-rent.com\/terms-conditions\/#breadcrumb","itemListElement":[{"@type":"ListItem","position":1,"name":"Home","item":"https:\/\/l2-rent.com\/"},{"@type":"ListItem","position":2,"name":"Terms &#038; Conditions"}]},{"@type":"WebSite","@id":"https:\/\/l2-rent.com\/#website","url":"https:\/\/l2-rent.com\/","name":"L2 Rent - Rent-a-Car no Faial, A\u00e7ores","description":"Rent-a-Car na cidade da Horta, ilha do Faial, A\u00e7ores","publisher":{"@id":"https:\/\/l2-rent.com\/#organization"},"potentialAction":[{"@type":"SearchAction","target":{"@type":"EntryPoint","urlTemplate":"https:\/\/l2-rent.com\/?s={search_term_string}"},"query-input":{"@type":"PropertyValueSpecification","valueRequired":true,"valueName":"search_term_string"}}],"inLanguage":"pt-PT"},{"@type":"Organization","@id":"https:\/\/l2-rent.com\/#organization","name":"L2 Rent - Rent-a-Car no Faial, A\u00e7ores","url":"https:\/\/l2-rent.com\/","logo":{"@type":"ImageObject","inLanguage":"pt-PT","@id":"https:\/\/l2-rent.com\/#\/schema\/logo\/image\/","url":"https:\/\/l2-rent.com\/wp-content\/uploads\/2024\/05\/logo-final-retina-vermelho.png","contentUrl":"https:\/\/l2-rent.com\/wp-content\/uploads\/2024\/05\/logo-final-retina-vermelho.png","width":369,"height":82,"caption":"L2 Rent - Rent-a-Car no Faial, A\u00e7ores"},"image":{"@id":"https:\/\/l2-rent.com\/#\/schema\/logo\/image\/"}}]}},"_links":{"self":[{"href":"https:\/\/l2-rent.com\/pt\/wp-json\/wp\/v2\/pages\/10167","targetHints":{"allow":["GET"]}}],"collection":[{"href":"https:\/\/l2-rent.com\/pt\/wp-json\/wp\/v2\/pages"}],"about":[{"href":"https:\/\/l2-rent.com\/pt\/wp-json\/wp\/v2\/types\/page"}],"author":[{"embeddable":true,"href":"https:\/\/l2-rent.com\/pt\/wp-json\/wp\/v2\/users\/1"}],"replies":[{"embeddable":true,"href":"https:\/\/l2-rent.com\/pt\/wp-json\/wp\/v2\/comments?post=10167"}],"version-history":[{"count":10,"href":"https:\/\/l2-rent.com\/pt\/wp-json\/wp\/v2\/pages\/10167\/revisions"}],"predecessor-version":[{"id":10535,"href":"https:\/\/l2-rent.com\/pt\/wp-json\/wp\/v2\/pages\/10167\/revisions\/10535"}],"wp:attachment":[{"href":"https:\/\/l2-rent.com\/pt\/wp-json\/wp\/v2\/media?parent=10167"}],"curies":[{"name":"wp","href":"https:\/\/api.w.org\/{rel}","templated":true}]}}