{"id":10433,"date":"2016-02-07T10:05:39","date_gmt":"2016-02-07T11:05:39","guid":{"rendered":"https:\/\/l2-rent.com\/verifica-os-nossos-contactos\/"},"modified":"2024-09-30T19:22:54","modified_gmt":"2024-09-30T19:22:54","slug":"verifica-os-nossos-contactos","status":"publish","type":"page","link":"https:\/\/l2-rent.com\/pt\/verifica-os-nossos-contactos\/","title":{"rendered":"Os Nossos Contactos"},"content":{"rendered":"<div class=\"wpb-content-wrapper\"><div data-vc-full-width=\"true\" data-vc-full-width-temp=\"true\" data-vc-full-width-init=\"false\" class=\"vc_row wpb_row vc_row-fluid vc_custom_1491379839707 vc_row-has-fill vc_row-o-equal-height vc_row-flex\"><div class=\"wpb_column vc_column_container vc_col-sm-12 vc_col-lg-offset-1 vc_col-lg-10 vc_col-md-offset-0 vc_col-md-12 vc_col-sm-offset-0\"><div class=\"vc_column-inner vc_custom_1479032696835\"><div class=\"wpb_wrapper\"><div class=\"vc_row wpb_row vc_inner vc_row-fluid vc_row-o-equal-height vc_row-flex\"><div class=\"wpb_column vc_column_container vc_col-sm-4\"><div class=\"vc_column-inner vc_custom_1479032888299\"><div class=\"wpb_wrapper\"><div id=\"ultimate-heading-485969f3882682f90\" class=\"uvc-heading ult-adjust-bottom-margin ultimate-heading-485969f3882682f90 uvc-4704 color-title accent-icon-color\" data-hspacer=\"icon_only\"  data-halign=\"center\" style=\"text-align:center\"><div class=\"uvc-heading-spacer icon_only\" style=\"margin-bottom:20px;\"><div class=\"ult-just-icon-wrapper  \"><div class=\"align-icon\" style=\"text-align:center;\">\n<div class=\"aio-icon none \"  style=\"font-size:48px;display:inline-block;\">\n\t<i class=\"icomoon-free-social-contact-16x16-location2\"><\/i>\n<\/div><\/div><\/div><\/div><div class=\"uvc-main-heading ult-responsive\"  data-ultimate-target='.uvc-heading.ultimate-heading-485969f3882682f90 h2'  data-responsive-json-new='{\"font-size\":\"desktop:12px;\",\"line-height\":\"desktop:24px;\"}' ><h2 style=\"font-weight:bold;color:#bbbbbb;margin-bottom:4px;\">A NOSSA LOCALIZA\u00c7\u00c3O<\/h2><\/div><div class=\"uvc-sub-heading ult-responsive\"  data-ultimate-target='.uvc-heading.ultimate-heading-485969f3882682f90 .uvc-sub-heading '  data-responsive-json-new='{\"font-size\":\"\",\"line-height\":\"\"}'  style=\"font-weight:bold;margin-bottom:0px;\">Zona Industrial de Santa Barbara Rua G n21 &#8211; Ang\u00fastias 9900-408 Horta<\/div><\/div><\/div><\/div><\/div><div class=\"wpb_column vc_column_container vc_col-sm-4\"><div class=\"vc_column-inner vc_custom_1479032916919\"><div class=\"wpb_wrapper\"><div id=\"ultimate-heading-337869f38826830fa\" class=\"uvc-heading ult-adjust-bottom-margin ultimate-heading-337869f38826830fa uvc-1067 color-title accent-icon-color\" data-hspacer=\"icon_only\"  data-halign=\"center\" style=\"text-align:center\"><div class=\"uvc-heading-spacer icon_only\" style=\"margin-bottom:20px;\"><div class=\"ult-just-icon-wrapper  \"><div class=\"align-icon\" style=\"text-align:center;\">\n<div class=\"aio-icon none \"  style=\"font-size:48px;display:inline-block;\">\n\t<i class=\"icomoon-free-social-contact-16x16-phone\"><\/i>\n<\/div><\/div><\/div><\/div><div class=\"uvc-main-heading ult-responsive\"  data-ultimate-target='.uvc-heading.ultimate-heading-337869f38826830fa h2'  data-responsive-json-new='{\"font-size\":\"desktop:12px;\",\"line-height\":\"desktop:24px;\"}' ><h2 style=\"font-weight:bold;color:#bbbbbb;margin-bottom:4px;\">LIGA-NOS<\/h2><\/div><div class=\"uvc-sub-heading ult-responsive\"  data-ultimate-target='.uvc-heading.ultimate-heading-337869f38826830fa .uvc-sub-heading '  data-responsive-json-new='{\"font-size\":\"\",\"line-height\":\"\"}'  style=\"font-weight:bold;margin-bottom:0px;\"><i class=\"fa-fw icomoon-the7-font-the7-phone-04\"><\/i>  (+351) 011 322 44 56<\/div><\/div><\/div><\/div><\/div><div class=\"wpb_column vc_column_container vc_col-sm-4\"><div class=\"vc_column-inner vc_custom_1479032922138\"><div class=\"wpb_wrapper\"><div id=\"ultimate-heading-402769f3882683237\" class=\"uvc-heading ult-adjust-bottom-margin ultimate-heading-402769f3882683237 uvc-6416 color-title accent-icon-color\" data-hspacer=\"icon_only\"  data-halign=\"center\" style=\"text-align:center\"><div class=\"uvc-heading-spacer icon_only\" style=\"margin-bottom:20px;\"><div class=\"ult-just-icon-wrapper  \"><div class=\"align-icon\" style=\"text-align:center;\">\n<div class=\"aio-icon none \"  style=\"font-size:48px;display:inline-block;\">\n\t<i class=\"icomoon-free-social-contact-16x16-envelop\"><\/i>\n<\/div><\/div><\/div><\/div><div class=\"uvc-main-heading ult-responsive\"  data-ultimate-target='.uvc-heading.ultimate-heading-402769f3882683237 h2'  data-responsive-json-new='{\"font-size\":\"desktop:12px;\",\"line-height\":\"desktop:24px;\"}' ><h2 style=\"font-weight:bold;color:#bbbbbb;margin-bottom:4px;\">ENVIE-NOS UM EMAIL<\/h2><\/div><div class=\"uvc-sub-heading ult-responsive\"  data-ultimate-target='.uvc-heading.ultimate-heading-402769f3882683237 .uvc-sub-heading '  data-responsive-json-new='{\"font-size\":\"\",\"line-height\":\"\"}'  style=\"font-weight:bold;margin-bottom:0px;\">info@l2-rent.com<\/div><\/div><\/div><\/div><\/div><\/div><\/div><\/div><\/div><div class=\"wpb_column vc_column_container vc_col-sm-12 vc_col-lg-offset-2 vc_col-lg-8 vc_col-md-offset-1 vc_col-md-11 vc_col-sm-offset-0\"><div class=\"vc_column-inner\"><div class=\"wpb_wrapper\"><div id=\"ultimate-heading-935069f38826833f5\" class=\"uvc-heading ult-adjust-bottom-margin ultimate-heading-935069f38826833f5 uvc-7510 \" data-hspacer=\"no_spacer\"  data-halign=\"center\" style=\"text-align:center\"><div class=\"uvc-heading-spacer no_spacer\" style=\"top\"><\/div><div class=\"uvc-main-heading ult-responsive\"  data-ultimate-target='.uvc-heading.ultimate-heading-935069f38826833f5 h2'  data-responsive-json-new='{\"font-size\":\"desktop:34px;\",\"line-height\":\"desktop:44px;\"}' ><h2 style=\"font-weight:bold;margin-bottom:25px;\">Tens perguntas ou propostas?<br \/>\nEntra em contacto connosco! <\/h2><\/div><\/div>\n\t<div class=\"wpb_text_column wpb_content_element  vc_custom_1717492634107\" >\n\t\t<div class=\"wpb_wrapper\">\n\t\t\t<p style=\"text-align: center;\">Utiliza o formul\u00e1rio abaixo. Obrigado. <\/p>\n\n\t\t<\/div>\n\t<\/div>\n<form class=\"dt-contact-form dt-form\" method=\"post\"><input type=\"hidden\" name=\"widget_id\" value=\"presscore-contact-form-widget--1\" \/><input type=\"hidden\" name=\"send_message\" value=\"\" \/><input type=\"hidden\" name=\"security_token\" value=\"dfe69ed1c6ce1337bf10\"\/><div class=\"form-fields\"><span class=\"form-name\"><label class=\"assistive-text\">Name *<\/label><input type=\"text\" class=\"validate[required]\" placeholder=\"Name *\" name=\"name\" value=\"\" aria-required=\"true\">\n<\/span><span class=\"form-mail\"><label class=\"assistive-text\">E-mail *<\/label><input type=\"text\" class=\"validate[required,custom[email]]\" placeholder=\"E-mail *\" name=\"email\" value=\"\" aria-required=\"true\">\n<\/span><span class=\"form-telephone\"><label class=\"assistive-text\">Telephone<\/label><input type=\"text\" placeholder=\"Telephone\" name=\"telephone\" value=\"\" aria-required=\"false\">\n<\/span><\/div><span class=\"form-message\"><label class=\"assistive-text\">Message *<\/label><textarea class=\"validate[required]\" placeholder=\"Message *\" name=\"message\" rows=\"7\" aria-required=\"true\"><\/textarea>\n<\/span><p><a href=\"#\" class=\"dt-btn dt-btn-m dt-btn-submit\" rel=\"nofollow\"><span>Enviar mensagem<\/span><\/a><input class=\"assistive-text\" type=\"submit\" value=\"submit\"><\/p><\/form>\n<\/div><\/div><\/div><\/div><div class=\"vc_row-full-width vc_clearfix\"><\/div><!-- Row Backgrounds --><div class=\"upb_color\" data-bg-override=\"0\" data-bg-color=\"#ffffff\" data-fadeout=\"\" data-fadeout-percentage=\"30\" data-parallax-content=\"\" data-parallax-content-sense=\"30\" data-row-effect-mobile-disable=\"true\" data-img-parallax-mobile-disable=\"true\" data-rtl=\"false\"  data-custom-vc-row=\"\"  data-vc=\"8.7.2\"  data-is_old_vc=\"\"  data-theme-support=\"\"   data-overlay=\"false\" data-overlay-color=\"\" data-overlay-pattern=\"\" data-overlay-pattern-opacity=\"\" data-overlay-pattern-size=\"\"    ><\/div><div data-vc-full-width=\"true\" data-vc-full-width-temp=\"true\" data-vc-full-width-init=\"false\" data-vc-stretch-content=\"true\" class=\"vc_row wpb_row vc_row-fluid vc_row-no-padding\"><div class=\"wpb_column vc_column_container vc_col-sm-12 vc_col-lg-offset-1 vc_col-lg-10 vc_col-md-offset-0 vc_col-md-12 vc_col-sm-offset-0 vc_col-xs-12\"><div class=\"vc_column-inner\"><div class=\"wpb_wrapper\"><div class=\"wpb_gmaps_widget wpb_content_element\"><div class=\"wpb_wrapper\"><div class=\"wpb_map_wraper\"><iframe src=\"https:\/\/www.google.com\/maps\/embed?pb=!1m14!1m12!1m3!1d1312.201512077881!2d-28.64933862763606!3d38.53471905594372!2m3!1f0!2f0!3f0!3m2!1i1024!2i768!4f13.1!5e0!3m2!1spt-PT!2spt!4v1717493194901!5m2!1spt-PT!2spt\" width=\"100%\" height=\"450\" style=\"border:0;\" allowfullscreen=\"\" loading=\"lazy\" referrerpolicy=\"no-referrer-when-downgrade\"><\/iframe><\/div><\/div><\/div><\/div><\/div><\/div><\/div><div class=\"vc_row-full-width vc_clearfix\"><\/div><!-- Row Backgrounds --><div class=\"upb_color\" data-bg-override=\"ex-full\" data-bg-color=\"#f4f4f4\" data-fadeout=\"\" data-fadeout-percentage=\"30\" data-parallax-content=\"\" data-parallax-content-sense=\"30\" data-row-effect-mobile-disable=\"true\" data-img-parallax-mobile-disable=\"true\" data-rtl=\"false\"  data-custom-vc-row=\"\"  data-vc=\"8.7.2\"  data-is_old_vc=\"\"  data-theme-support=\"\"   data-overlay=\"false\" data-overlay-color=\"\" data-overlay-pattern=\"\" data-overlay-pattern-opacity=\"\" data-overlay-pattern-size=\"\"    ><\/div>\n<\/div>","protected":false},"excerpt":{"rendered":"<p>A NOSSA LOCALIZA\u00c7\u00c3OZona Industrial de Santa B\u00e1rbara Rua G n21 \u2013 Ang\u00fastias 9900-408 Horta LIGA-NOS (+351) 011 322 44 56 ENVIE-NOS UM EMAILinfo@l2-rent.comTens perguntas ou propostas? Entre em contato conosco! Utilize o formul\u00e1rio abaixo. Obrigado.<\/p>","protected":false},"author":1,"featured_media":0,"parent":0,"menu_order":50,"comment_status":"closed","ping_status":"closed","template":"","meta":{"footnotes":""},"class_list":["post-10433","page","type-page","status-publish","hentry","description-off"],"yoast_head":"<!-- This site is optimized with the Yoast SEO plugin v27.5 - https:\/\/yoast.com\/product\/yoast-seo-wordpress\/ -->\n<title>Os Nossos Contactos - L2 Rent - Rent-a-Car no Faial, A\u00e7ores<\/title>\n<meta name=\"robots\" content=\"index, follow, max-snippet:-1, max-image-preview:large, max-video-preview:-1\" \/>\n<link rel=\"canonical\" href=\"https:\/\/l2-rent.com\/pt\/verifica-os-nossos-contactos\/\" \/>\n<meta property=\"og:locale\" content=\"pt_PT\" \/>\n<meta property=\"og:type\" content=\"article\" \/>\n<meta property=\"og:title\" content=\"Os Nossos Contactos - L2 Rent - Rent-a-Car no Faial, A\u00e7ores\" \/>\n<meta property=\"og:url\" content=\"https:\/\/l2-rent.com\/pt\/verifica-os-nossos-contactos\/\" \/>\n<meta property=\"og:site_name\" content=\"L2 Rent - Rent-a-Car no Faial, A\u00e7ores\" \/>\n<meta property=\"article:modified_time\" content=\"2024-09-30T19:22:54+00:00\" \/>\n<meta name=\"twitter:card\" content=\"summary_large_image\" \/>\n<meta name=\"twitter:label1\" content=\"Tempo estimado de leitura\" \/>\n\t<meta name=\"twitter:data1\" content=\"3 minutos\" \/>\n<script type=\"application\/ld+json\" class=\"yoast-schema-graph\">{\"@context\":\"https:\\\/\\\/schema.org\",\"@graph\":[{\"@type\":\"WebPage\",\"@id\":\"https:\\\/\\\/l2-rent.com\\\/verifica-os-nossos-contactos\\\/\",\"url\":\"https:\\\/\\\/l2-rent.com\\\/verifica-os-nossos-contactos\\\/\",\"name\":\"Os Nossos Contactos - L2 Rent - Rent-a-Car no Faial, A\u00e7ores\",\"isPartOf\":{\"@id\":\"https:\\\/\\\/l2-rent.com\\\/#website\"},\"datePublished\":\"2016-02-07T11:05:39+00:00\",\"dateModified\":\"2024-09-30T19:22:54+00:00\",\"breadcrumb\":{\"@id\":\"https:\\\/\\\/l2-rent.com\\\/verifica-os-nossos-contactos\\\/#breadcrumb\"},\"inLanguage\":\"pt-PT\",\"potentialAction\":[{\"@type\":\"ReadAction\",\"target\":[\"https:\\\/\\\/l2-rent.com\\\/verifica-os-nossos-contactos\\\/\"]}]},{\"@type\":\"BreadcrumbList\",\"@id\":\"https:\\\/\\\/l2-rent.com\\\/verifica-os-nossos-contactos\\\/#breadcrumb\",\"itemListElement\":[{\"@type\":\"ListItem\",\"position\":1,\"name\":\"Home\",\"item\":\"https:\\\/\\\/l2-rent.com\\\/\"},{\"@type\":\"ListItem\",\"position\":2,\"name\":\"Os Nossos Contactos\"}]},{\"@type\":\"WebSite\",\"@id\":\"https:\\\/\\\/l2-rent.com\\\/#website\",\"url\":\"https:\\\/\\\/l2-rent.com\\\/\",\"name\":\"L2 Rent - Rent-a-Car no Faial, A\u00e7ores\",\"description\":\"Rent-a-Car na cidade da Horta, ilha do Faial, A\u00e7ores\",\"publisher\":{\"@id\":\"https:\\\/\\\/l2-rent.com\\\/#organization\"},\"potentialAction\":[{\"@type\":\"SearchAction\",\"target\":{\"@type\":\"EntryPoint\",\"urlTemplate\":\"https:\\\/\\\/l2-rent.com\\\/?s={search_term_string}\"},\"query-input\":{\"@type\":\"PropertyValueSpecification\",\"valueRequired\":true,\"valueName\":\"search_term_string\"}}],\"inLanguage\":\"pt-PT\"},{\"@type\":\"Organization\",\"@id\":\"https:\\\/\\\/l2-rent.com\\\/#organization\",\"name\":\"L2 Rent - Rent-a-Car no Faial, A\u00e7ores\",\"url\":\"https:\\\/\\\/l2-rent.com\\\/\",\"logo\":{\"@type\":\"ImageObject\",\"inLanguage\":\"pt-PT\",\"@id\":\"https:\\\/\\\/l2-rent.com\\\/#\\\/schema\\\/logo\\\/image\\\/\",\"url\":\"https:\\\/\\\/l2-rent.com\\\/wp-content\\\/uploads\\\/2024\\\/05\\\/logo-final-retina-vermelho.png\",\"contentUrl\":\"https:\\\/\\\/l2-rent.com\\\/wp-content\\\/uploads\\\/2024\\\/05\\\/logo-final-retina-vermelho.png\",\"width\":369,\"height\":82,\"caption\":\"L2 Rent - Rent-a-Car no Faial, A\u00e7ores\"},\"image\":{\"@id\":\"https:\\\/\\\/l2-rent.com\\\/#\\\/schema\\\/logo\\\/image\\\/\"}}]}<\/script>\n<!-- \/ Yoast SEO plugin. -->","yoast_head_json":{"title":"Os Nossos Contactos - L2 Rent - Rent-a-Car no Faial, A\u00e7ores","robots":{"index":"index","follow":"follow","max-snippet":"max-snippet:-1","max-image-preview":"max-image-preview:large","max-video-preview":"max-video-preview:-1"},"canonical":"https:\/\/l2-rent.com\/pt\/verifica-os-nossos-contactos\/","og_locale":"pt_PT","og_type":"article","og_title":"Os Nossos Contactos - L2 Rent - Rent-a-Car no Faial, A\u00e7ores","og_url":"https:\/\/l2-rent.com\/pt\/verifica-os-nossos-contactos\/","og_site_name":"L2 Rent - Rent-a-Car no Faial, A\u00e7ores","article_modified_time":"2024-09-30T19:22:54+00:00","twitter_card":"summary_large_image","twitter_misc":{"Tempo estimado de leitura":"3 minutos"},"schema":{"@context":"https:\/\/schema.org","@graph":[{"@type":"WebPage","@id":"https:\/\/l2-rent.com\/verifica-os-nossos-contactos\/","url":"https:\/\/l2-rent.com\/verifica-os-nossos-contactos\/","name":"Os Nossos Contactos - L2 Rent - Rent-a-Car no Faial, A\u00e7ores","isPartOf":{"@id":"https:\/\/l2-rent.com\/#website"},"datePublished":"2016-02-07T11:05:39+00:00","dateModified":"2024-09-30T19:22:54+00:00","breadcrumb":{"@id":"https:\/\/l2-rent.com\/verifica-os-nossos-contactos\/#breadcrumb"},"inLanguage":"pt-PT","potentialAction":[{"@type":"ReadAction","target":["https:\/\/l2-rent.com\/verifica-os-nossos-contactos\/"]}]},{"@type":"BreadcrumbList","@id":"https:\/\/l2-rent.com\/verifica-os-nossos-contactos\/#breadcrumb","itemListElement":[{"@type":"ListItem","position":1,"name":"Home","item":"https:\/\/l2-rent.com\/"},{"@type":"ListItem","position":2,"name":"Os Nossos Contactos"}]},{"@type":"WebSite","@id":"https:\/\/l2-rent.com\/#website","url":"https:\/\/l2-rent.com\/","name":"L2 Rent - Rent-a-Car no Faial, A\u00e7ores","description":"Rent-a-Car na cidade da Horta, ilha do Faial, A\u00e7ores","publisher":{"@id":"https:\/\/l2-rent.com\/#organization"},"potentialAction":[{"@type":"SearchAction","target":{"@type":"EntryPoint","urlTemplate":"https:\/\/l2-rent.com\/?s={search_term_string}"},"query-input":{"@type":"PropertyValueSpecification","valueRequired":true,"valueName":"search_term_string"}}],"inLanguage":"pt-PT"},{"@type":"Organization","@id":"https:\/\/l2-rent.com\/#organization","name":"L2 Rent - Rent-a-Car no Faial, A\u00e7ores","url":"https:\/\/l2-rent.com\/","logo":{"@type":"ImageObject","inLanguage":"pt-PT","@id":"https:\/\/l2-rent.com\/#\/schema\/logo\/image\/","url":"https:\/\/l2-rent.com\/wp-content\/uploads\/2024\/05\/logo-final-retina-vermelho.png","contentUrl":"https:\/\/l2-rent.com\/wp-content\/uploads\/2024\/05\/logo-final-retina-vermelho.png","width":369,"height":82,"caption":"L2 Rent - Rent-a-Car no Faial, A\u00e7ores"},"image":{"@id":"https:\/\/l2-rent.com\/#\/schema\/logo\/image\/"}}]}},"_links":{"self":[{"href":"https:\/\/l2-rent.com\/pt\/wp-json\/wp\/v2\/pages\/10433","targetHints":{"allow":["GET"]}}],"collection":[{"href":"https:\/\/l2-rent.com\/pt\/wp-json\/wp\/v2\/pages"}],"about":[{"href":"https:\/\/l2-rent.com\/pt\/wp-json\/wp\/v2\/types\/page"}],"author":[{"embeddable":true,"href":"https:\/\/l2-rent.com\/pt\/wp-json\/wp\/v2\/users\/1"}],"replies":[{"embeddable":true,"href":"https:\/\/l2-rent.com\/pt\/wp-json\/wp\/v2\/comments?post=10433"}],"version-history":[{"count":9,"href":"https:\/\/l2-rent.com\/pt\/wp-json\/wp\/v2\/pages\/10433\/revisions"}],"predecessor-version":[{"id":10479,"href":"https:\/\/l2-rent.com\/pt\/wp-json\/wp\/v2\/pages\/10433\/revisions\/10479"}],"wp:attachment":[{"href":"https:\/\/l2-rent.com\/pt\/wp-json\/wp\/v2\/media?parent=10433"}],"curies":[{"name":"wp","href":"https:\/\/api.w.org\/{rel}","templated":true}]}}