{"id":3,"date":"2024-04-23T17:47:17","date_gmt":"2024-04-23T17:47:17","guid":{"rendered":"https:\/\/l2-rent.com\/?page_id=3"},"modified":"2025-10-30T10:44:39","modified_gmt":"2025-10-30T11:44:39","slug":"privacy-policy","status":"publish","type":"page","link":"https:\/\/l2-rent.com\/pt\/privacy-policy\/","title":{"rendered":"Pol\u00edtica de Privacidade"},"content":{"rendered":"<p><strong>L2 Aluguer de Viaturas<\/strong> valoriza sua privacidade e est\u00e1 comprometida em respeit\u00e1-la, garantindo a confidencialidade e prote\u00e7\u00e3o de seus dados. Solicitamos e coletamos apenas os dados necess\u00e1rios para a presta\u00e7\u00e3o de nossos servi\u00e7os, conforme indicado em nosso site. A qualquer momento, voc\u00ea pode retificar ou excluir seus dados.<\/p>\r\n<h2 class=\"font-bold text-xl wp-block-heading\">1.1 IDENTIFICA\u00c7\u00c3O DO CONTROLADOR DE DADOS<\/h2>\r\n<ul class=\"list-disc px-5\">\r\n<li>L 2 Auto, Lda<\/li>\r\n<li>CNPJ: 513 046 712<\/li>\r\n<\/ul>\r\n<h2 class=\"font-bold text-xl\">1.2 INFORMA\u00c7\u00d5ES E CONSENTIMENTO<\/h2>\r\n<p>A Lei de Prote\u00e7\u00e3o de Dados Pessoais (\u201cLPDP\u201d) e o Regulamento Geral de Prote\u00e7\u00e3o de Dados (Regulamento (UE) 2016\/679 do Parlamento Europeu e do Conselho, de 27 de abril de 2016, \u201cRGPD\u201d) garantem a prote\u00e7\u00e3o das pessoas singulares no que diz respeito ao tratamento de dados pessoais e \u00e0 livre circula\u00e7\u00e3o desses dados.<br \/><br \/>Legalmente, \u201cdados pessoais\u201d significa qualquer informa\u00e7\u00e3o de qualquer natureza e independentemente do seu suporte, incluindo som e imagem, relativa a uma pessoa singular identificada ou identific\u00e1vel, pelo que a prote\u00e7\u00e3o n\u00e3o abrange dados de pessoas coletivas. Ao aceitar esta Pol\u00edtica de Privacidade, d\u00e1 o seu consentimento informado, expresso, livre e inequ\u00edvoco para que os dados pessoais fornecidos atrav\u00e9s do site www.l2-rent.com sejam inclu\u00eddos num ficheiro da responsabilidade da L2 Rent a Car, cujo tratamento, nos termos da LPDP e do RGPD, respeita as medidas de seguran\u00e7a t\u00e9cnicas e organizativas adequadas.<br \/><br \/>Em nenhuma circunst\u00e2ncia ser\u00e3o solicitadas informa\u00e7\u00f5es sobre convic\u00e7\u00f5es filos\u00f3ficas ou pol\u00edticas, filia\u00e7\u00e3o partid\u00e1ria ou sindical, f\u00e9 religiosa, vida privada e origem racial ou \u00e9tnica, bem como dados de sa\u00fade e vida sexual, incluindo dados gen\u00e9ticos. Em nenhuma circunst\u00e2ncia seus dados ser\u00e3o transferidos ou reportados a outras pessoas ou entidades.<\/p>\r\n<h2 class=\"font-bold text-xl\">1.3 FINALIDADES DO TRATAMENTO DE DADOS PESSOAIS<\/h2>\r\n<h3 class=\"text-lg\">Utilizamos seus dados pessoais exclusivamente para:<\/h3>\r\n<ul class=\"list-disc px-5\">\r\n<li>Processamento de reservas<\/li>\r\n<li>Lidando com reclama\u00e7\u00f5es<\/li>\r\n<li>Atividades de an\u00e1lise estat\u00edstica<\/li>\r\n<li>Comunica\u00e7\u00f5es de marketing direto<\/li>\r\n<li>Preven\u00e7\u00e3o de fraudes<\/li>\r\n<li>Solicitando feedback<\/li>\r\n<li>Realiza\u00e7\u00e3o de pesquisas de satisfa\u00e7\u00e3o<\/li>\r\n<\/ul>\r\n<p>A L2 Rent a Car garante a confidencialidade de todos os dados fornecidos. Nosso site possui um Formul\u00e1rio de Contato onde voc\u00ea pode fazer perguntas. Se voc\u00ea nos fornecer seus dados pessoais, eles n\u00e3o ser\u00e3o usados para nenhuma finalidade diferente daquela solicitada por voc\u00ea. No momento da coleta de dados pessoais, voc\u00ea pode fornecer voluntariamente seus dados pessoais sem que a falta de resposta implique uma diminui\u00e7\u00e3o na qualidade ou quantidade dos servi\u00e7os correspondentes (salvo indica\u00e7\u00e3o em contr\u00e1rio). No entanto, a n\u00e3o resposta aos dados considerados obrigat\u00f3rios significa que voc\u00ea n\u00e3o poder\u00e1 acessar o servi\u00e7o para o qual os dados foram solicitados.<br \/><br \/>Se voc\u00ea n\u00e3o concordar com as condi\u00e7\u00f5es acima, a L2 Rent a Car n\u00e3o poder\u00e1 concluir uma reserva de aluguel de carro para voc\u00ea atrav\u00e9s do nosso site.<\/p>\r\n<h2 class=\"font-bold text-xl\">1.4 TRANSFER\u00caNCIA DE DADOS PESSOAIS<\/h2>\r\n<p>Para prestar o servi\u00e7o de aluguer de viaturas dos nossos ve\u00edculos, a Achieve Rent a Car transferir\u00e1 os seus dados pessoais para outras entidades, que os tratar\u00e3o para as seguintes finalidades:<\/p>\r\n<ul class=\"list-disc px-5\">\r\n<li>Gest\u00e3o e processamento de pagamentos<\/li>\r\n<li>Processamento de pedidos<\/li>\r\n<li>Presta\u00e7\u00e3o de servi\u00e7os contratados<\/li>\r\n<\/ul>\r\n<p>As entidades \u00e0s quais a Achieve Rent a Car fornecer\u00e1 os seus dados pessoais para tratamento nos termos acima mencionados ter\u00e3o a seguinte natureza:<\/p>\r\n<ul class=\"list-disc px-5\">\r\n<li>Entidades seguradoras<\/li>\r\n<li>Terceiros relacionados com a presta\u00e7\u00e3o dos servi\u00e7os contratados<\/li>\r\n<li>Gest\u00e3o de pagamentos<\/li>\r\n<li>Entidades respons\u00e1veis pelo processamento e envio de encomendas<\/li>\r\n<\/ul>\r\n<h2 class=\"font-bold text-xl\">1.5 ARMAZENAMENTO DOS SEUS DADOS PESSOAIS<\/h2>\r\n<p>Os dados coletados pela L2 Rent a Car podem ser transferidos e armazenados em um destino fora do Espa\u00e7o Econ\u00f4mico Europeu (\u201cEEA\u201d). Ao enviar seus dados pessoais, voc\u00ea consente com tal transfer\u00eancia, armazenamento ou processamento.<br \/><br \/>Todas as informa\u00e7\u00f5es que voc\u00ea fornece \u00e0 L2 Rent a Car s\u00e3o armazenadas com seguran\u00e7a em nossos servidores e\/ou nos servidores de nossos provedores de servi\u00e7os, que podem estar localizados em pa\u00edses fora do Espa\u00e7o Econ\u00f4mico Europeu (\u201cEEE\u201d). Tomamos todas as medidas razoavelmente necess\u00e1rias para garantir que seus dados sejam tratados com seguran\u00e7a e de acordo com esta pol\u00edtica de privacidade.<\/p>\r\n<h2 class=\"font-bold text-xl\">1.6 MEDIDAS DE SEGURAN\u00c7A<\/h2>\r\n<p>A L2 Rent a Car declara que implementou e continuar\u00e1 a implementar as medidas t\u00e9cnicas e organizativas necess\u00e1rias para garantir a seguran\u00e7a dos dados pessoais fornecidos, de forma a evitar a sua altera\u00e7\u00e3o, perda, tratamento e\/ou acesso n\u00e3o autorizado, tendo em conta o estado atual da tecnologia, a natureza dos dados armazenados e os riscos a que est\u00e3o expostos.<br \/><br \/>Garantimos tamb\u00e9m a confidencialidade de todos os dados fornecidos pelos nossos clientes, seja durante o registo ou no processo de compra\/encomenda de produtos ou servi\u00e7os. A recolha e o tratamento dos dados s\u00e3o efetuados de forma segura, impedindo a sua perda ou manipula\u00e7\u00e3o. Os dados pessoais s\u00e3o tratados com o n\u00edvel de prote\u00e7\u00e3o legalmente exigido para garantir a sua seguran\u00e7a e para impedir a sua altera\u00e7\u00e3o, perda, tratamento ou acesso n\u00e3o autorizado, tendo em conta o estado da tecnologia, estando o utilizador ciente e aceitando que as medidas de seguran\u00e7a da Internet n\u00e3o s\u00e3o \u00e0 prova de falhas.<br \/><br \/>Ao aceder a quaisquer dados pessoais, a L2 Rent a Car compromete-se a:<\/p>\r\n<ul class=\"list-disc px-5\">\r\n<li>Armazen\u00e1-los por meio de medidas de seguran\u00e7a legalmente exig\u00edveis, de natureza t\u00e9cnica e organizacional, que garantam sua seguran\u00e7a, evitando sua altera\u00e7\u00e3o, perda, tratamento ou acesso n\u00e3o autorizado, de acordo com o estado da t\u00e9cnica atual, a natureza dos dados e os poss\u00edveis riscos a que estejam expostos;<\/li>\r\n<li>Utilizar os dados exclusivamente para as finalidades previamente definidas<\/li>\r\n<li>Garantir que os dados sejam tratados apenas por colaboradores cuja interven\u00e7\u00e3o seja necess\u00e1ria \u00e0 presta\u00e7\u00e3o do servi\u00e7o e que estejam sujeitos \u00e0 obriga\u00e7\u00e3o de sigilo e confidencialidade. No caso de divulga\u00e7\u00e3o de informa\u00e7\u00e3o a terceiros, estes ser\u00e3o obrigados a manter a devida confidencialidade, nos termos do disposto neste documento.<\/li>\r\n<\/ul>\r\n<h2 class=\"font-bold text-xl\">1.7 COMUNICA\u00c7\u00d5ES COMERCIAIS E PROMOCIONAIS<\/h2>\r\n<p>Uma das finalidades para as quais tratamos os dados pessoais fornecidos pelos usu\u00e1rios \u00e9 o envio de comunica\u00e7\u00f5es eletr\u00f4nicas com informa\u00e7\u00f5es relacionadas a comunica\u00e7\u00f5es comerciais e promocionais. Sempre que fizermos tal comunica\u00e7\u00e3o, ela ser\u00e1 direcionada exclusivamente aos usu\u00e1rios que a tenham expressa e previamente autorizado.<br \/><br \/>De acordo com o disposto no Decreto-Lei n.\u00ba 7\/2004, de 7 de janeiro, caso pretenda deixar de receber comunica\u00e7\u00f5es comerciais ou promocionais da L2 Rent a Car, poder\u00e1 solicitar a oposi\u00e7\u00e3o ao servi\u00e7o enviando um e-mail para info@l2-rent.com.<\/p>\r\n<h2 class=\"font-bold text-xl\">1.8 EXERC\u00cdCIO DE DIREITOS<\/h2>\r\n<p>De acordo com o disposto na LPDP e no RGPD, o utilizador poder\u00e1, a qualquer momento, exercer os seus direitos de acesso, retifica\u00e7\u00e3o, elimina\u00e7\u00e3o, limita\u00e7\u00e3o, oposi\u00e7\u00e3o e portabilidade, mediante solicita\u00e7\u00e3o atrav\u00e9s de qualquer um dos seguintes meios:<\/p>\r\n<ul class=\"list-disc px-5\">\r\n<li>E-mail: info@l2-rent.com\/reservas@l2-rent.com<\/li>\r\n<li>N\u00famero de telefone: 292 292 032\/ 938 049 619<\/li>\r\n<\/ul>\r\n<p>Caso deseje sair do banco de dados da Achieve Rent a Car a qualquer momento, voc\u00ea pode exercer esse direito por meio destes contatos.<\/p>","protected":false},"excerpt":{"rendered":"<p>A L2 Rent a Car preza pela sua privacidade e compromete-se a respeit\u00e1-la, garantindo a confidencialidade e a prote\u00e7\u00e3o dos seus dados. Solicitamos e coletamos apenas os dados necess\u00e1rios para a presta\u00e7\u00e3o dos nossos servi\u00e7os, conforme indicado em nosso site. Voc\u00ea pode retificar ou excluir seus dados a qualquer momento. 1.1 IDENTIFICA\u00c7\u00c3O DOS DADOS\u2026<\/p>","protected":false},"author":1,"featured_media":0,"parent":0,"menu_order":0,"comment_status":"closed","ping_status":"open","template":"","meta":{"footnotes":""},"class_list":["post-3","page","type-page","status-publish","hentry","description-off"],"yoast_head":"<!-- This site is optimized with the Yoast SEO plugin v27.5 - https:\/\/yoast.com\/product\/yoast-seo-wordpress\/ -->\n<title>Privacy Policy - L2 Rent - Rent-a-Car no Faial, A\u00e7ores<\/title>\n<meta name=\"robots\" content=\"index, follow, max-snippet:-1, max-image-preview:large, max-video-preview:-1\" \/>\n<link rel=\"canonical\" href=\"https:\/\/l2-rent.com\/pt\/privacy-policy\/\" \/>\n<meta property=\"og:locale\" content=\"pt_PT\" \/>\n<meta property=\"og:type\" content=\"article\" \/>\n<meta property=\"og:title\" content=\"Privacy Policy - L2 Rent - Rent-a-Car no Faial, A\u00e7ores\" \/>\n<meta property=\"og:description\" content=\"L2 Rent a Car values your privacy and is committed to respecting it, ensuring the confidentiality and protection of your data. We request and collect only the data necessary for the provision of our services, as indicated on our website. At any time, you can rectify or delete your data. 1.1 IDENTIFICATION OF THE DATA&hellip;\" \/>\n<meta property=\"og:url\" content=\"https:\/\/l2-rent.com\/pt\/privacy-policy\/\" \/>\n<meta property=\"og:site_name\" content=\"L2 Rent - Rent-a-Car no Faial, A\u00e7ores\" \/>\n<meta property=\"article:modified_time\" content=\"2025-10-30T11:44:39+00:00\" \/>\n<meta name=\"twitter:card\" content=\"summary_large_image\" \/>\n<meta name=\"twitter:label1\" content=\"Tempo estimado de leitura\" \/>\n\t<meta name=\"twitter:data1\" content=\"5 minutos\" \/>\n<script type=\"application\/ld+json\" class=\"yoast-schema-graph\">{\"@context\":\"https:\\\/\\\/schema.org\",\"@graph\":[{\"@type\":\"WebPage\",\"@id\":\"https:\\\/\\\/l2-rent.com\\\/privacy-policy\\\/\",\"url\":\"https:\\\/\\\/l2-rent.com\\\/privacy-policy\\\/\",\"name\":\"Privacy Policy - L2 Rent - Rent-a-Car no Faial, A\u00e7ores\",\"isPartOf\":{\"@id\":\"https:\\\/\\\/l2-rent.com\\\/#website\"},\"datePublished\":\"2024-04-23T17:47:17+00:00\",\"dateModified\":\"2025-10-30T11:44:39+00:00\",\"breadcrumb\":{\"@id\":\"https:\\\/\\\/l2-rent.com\\\/privacy-policy\\\/#breadcrumb\"},\"inLanguage\":\"pt-PT\",\"potentialAction\":[{\"@type\":\"ReadAction\",\"target\":[\"https:\\\/\\\/l2-rent.com\\\/privacy-policy\\\/\"]}]},{\"@type\":\"BreadcrumbList\",\"@id\":\"https:\\\/\\\/l2-rent.com\\\/privacy-policy\\\/#breadcrumb\",\"itemListElement\":[{\"@type\":\"ListItem\",\"position\":1,\"name\":\"Home\",\"item\":\"https:\\\/\\\/l2-rent.com\\\/\"},{\"@type\":\"ListItem\",\"position\":2,\"name\":\"Privacy Policy\"}]},{\"@type\":\"WebSite\",\"@id\":\"https:\\\/\\\/l2-rent.com\\\/#website\",\"url\":\"https:\\\/\\\/l2-rent.com\\\/\",\"name\":\"L2 Rent - Rent-a-Car no Faial, A\u00e7ores\",\"description\":\"Rent-a-Car na cidade da Horta, ilha do Faial, A\u00e7ores\",\"publisher\":{\"@id\":\"https:\\\/\\\/l2-rent.com\\\/#organization\"},\"potentialAction\":[{\"@type\":\"SearchAction\",\"target\":{\"@type\":\"EntryPoint\",\"urlTemplate\":\"https:\\\/\\\/l2-rent.com\\\/?s={search_term_string}\"},\"query-input\":{\"@type\":\"PropertyValueSpecification\",\"valueRequired\":true,\"valueName\":\"search_term_string\"}}],\"inLanguage\":\"pt-PT\"},{\"@type\":\"Organization\",\"@id\":\"https:\\\/\\\/l2-rent.com\\\/#organization\",\"name\":\"L2 Rent - Rent-a-Car no Faial, A\u00e7ores\",\"url\":\"https:\\\/\\\/l2-rent.com\\\/\",\"logo\":{\"@type\":\"ImageObject\",\"inLanguage\":\"pt-PT\",\"@id\":\"https:\\\/\\\/l2-rent.com\\\/#\\\/schema\\\/logo\\\/image\\\/\",\"url\":\"https:\\\/\\\/l2-rent.com\\\/wp-content\\\/uploads\\\/2024\\\/05\\\/logo-final-retina-vermelho.png\",\"contentUrl\":\"https:\\\/\\\/l2-rent.com\\\/wp-content\\\/uploads\\\/2024\\\/05\\\/logo-final-retina-vermelho.png\",\"width\":369,\"height\":82,\"caption\":\"L2 Rent - Rent-a-Car no Faial, A\u00e7ores\"},\"image\":{\"@id\":\"https:\\\/\\\/l2-rent.com\\\/#\\\/schema\\\/logo\\\/image\\\/\"}}]}<\/script>\n<!-- \/ Yoast SEO plugin. -->","yoast_head_json":{"title":"Privacy Policy - L2 Rent - Rent-a-Car no Faial, A\u00e7ores","robots":{"index":"index","follow":"follow","max-snippet":"max-snippet:-1","max-image-preview":"max-image-preview:large","max-video-preview":"max-video-preview:-1"},"canonical":"https:\/\/l2-rent.com\/pt\/privacy-policy\/","og_locale":"pt_PT","og_type":"article","og_title":"Privacy Policy - L2 Rent - Rent-a-Car no Faial, A\u00e7ores","og_description":"L2 Rent a Car values your privacy and is committed to respecting it, ensuring the confidentiality and protection of your data. We request and collect only the data necessary for the provision of our services, as indicated on our website. At any time, you can rectify or delete your data. 1.1 IDENTIFICATION OF THE DATA&hellip;","og_url":"https:\/\/l2-rent.com\/pt\/privacy-policy\/","og_site_name":"L2 Rent - Rent-a-Car no Faial, A\u00e7ores","article_modified_time":"2025-10-30T11:44:39+00:00","twitter_card":"summary_large_image","twitter_misc":{"Tempo estimado de leitura":"5 minutos"},"schema":{"@context":"https:\/\/schema.org","@graph":[{"@type":"WebPage","@id":"https:\/\/l2-rent.com\/privacy-policy\/","url":"https:\/\/l2-rent.com\/privacy-policy\/","name":"Privacy Policy - L2 Rent - Rent-a-Car no Faial, A\u00e7ores","isPartOf":{"@id":"https:\/\/l2-rent.com\/#website"},"datePublished":"2024-04-23T17:47:17+00:00","dateModified":"2025-10-30T11:44:39+00:00","breadcrumb":{"@id":"https:\/\/l2-rent.com\/privacy-policy\/#breadcrumb"},"inLanguage":"pt-PT","potentialAction":[{"@type":"ReadAction","target":["https:\/\/l2-rent.com\/privacy-policy\/"]}]},{"@type":"BreadcrumbList","@id":"https:\/\/l2-rent.com\/privacy-policy\/#breadcrumb","itemListElement":[{"@type":"ListItem","position":1,"name":"Home","item":"https:\/\/l2-rent.com\/"},{"@type":"ListItem","position":2,"name":"Privacy Policy"}]},{"@type":"WebSite","@id":"https:\/\/l2-rent.com\/#website","url":"https:\/\/l2-rent.com\/","name":"L2 Rent - Rent-a-Car no Faial, A\u00e7ores","description":"Rent-a-Car na cidade da Horta, ilha do Faial, A\u00e7ores","publisher":{"@id":"https:\/\/l2-rent.com\/#organization"},"potentialAction":[{"@type":"SearchAction","target":{"@type":"EntryPoint","urlTemplate":"https:\/\/l2-rent.com\/?s={search_term_string}"},"query-input":{"@type":"PropertyValueSpecification","valueRequired":true,"valueName":"search_term_string"}}],"inLanguage":"pt-PT"},{"@type":"Organization","@id":"https:\/\/l2-rent.com\/#organization","name":"L2 Rent - Rent-a-Car no Faial, A\u00e7ores","url":"https:\/\/l2-rent.com\/","logo":{"@type":"ImageObject","inLanguage":"pt-PT","@id":"https:\/\/l2-rent.com\/#\/schema\/logo\/image\/","url":"https:\/\/l2-rent.com\/wp-content\/uploads\/2024\/05\/logo-final-retina-vermelho.png","contentUrl":"https:\/\/l2-rent.com\/wp-content\/uploads\/2024\/05\/logo-final-retina-vermelho.png","width":369,"height":82,"caption":"L2 Rent - Rent-a-Car no Faial, A\u00e7ores"},"image":{"@id":"https:\/\/l2-rent.com\/#\/schema\/logo\/image\/"}}]}},"_links":{"self":[{"href":"https:\/\/l2-rent.com\/pt\/wp-json\/wp\/v2\/pages\/3","targetHints":{"allow":["GET"]}}],"collection":[{"href":"https:\/\/l2-rent.com\/pt\/wp-json\/wp\/v2\/pages"}],"about":[{"href":"https:\/\/l2-rent.com\/pt\/wp-json\/wp\/v2\/types\/page"}],"author":[{"embeddable":true,"href":"https:\/\/l2-rent.com\/pt\/wp-json\/wp\/v2\/users\/1"}],"replies":[{"embeddable":true,"href":"https:\/\/l2-rent.com\/pt\/wp-json\/wp\/v2\/comments?post=3"}],"version-history":[{"count":5,"href":"https:\/\/l2-rent.com\/pt\/wp-json\/wp\/v2\/pages\/3\/revisions"}],"predecessor-version":[{"id":10532,"href":"https:\/\/l2-rent.com\/pt\/wp-json\/wp\/v2\/pages\/3\/revisions\/10532"}],"wp:attachment":[{"href":"https:\/\/l2-rent.com\/pt\/wp-json\/wp\/v2\/media?parent=3"}],"curies":[{"name":"wp","href":"https:\/\/api.w.org\/{rel}","templated":true}]}}