{"id":388,"date":"2016-02-08T15:50:40","date_gmt":"2016-02-08T15:50:40","guid":{"rendered":"https:\/\/the7.io\/marketing-agency\/?page_id=388"},"modified":"2024-10-01T14:55:00","modified_gmt":"2024-10-01T14:55:00","slug":"about-us","status":"publish","type":"page","link":"https:\/\/l2-rent.com\/pt\/about-us\/","title":{"rendered":"Sobre L2 Rent"},"content":{"rendered":"<div class=\"wpb-content-wrapper\"><div class=\"vc_row wpb_row vc_row-fluid vc_custom_1491748274178 vc_row-o-equal-height vc_row-o-content-middle vc_row-flex\"><div class=\"wpb_column vc_column_container vc_col-sm-12\"><div class=\"vc_column-inner\"><div class=\"wpb_wrapper\"><div id=\"ultimate-heading-484369f2518f08eff\" class=\"uvc-heading ult-adjust-bottom-margin ultimate-heading-484369f2518f08eff uvc-387\" data-hspacer=\"no_spacer\"  data-halign=\"center\" style=\"text-align:center\"><div class=\"uvc-heading-spacer no_spacer\" style=\"top\"><\/div><div class=\"uvc-main-heading ult-responsive\"  data-ultimate-target='.uvc-heading.ultimate-heading-484369f2518f08eff h2'  data-responsive-json-new='{\"font-size\":\"desktop:44px;\",\"line-height\":\"desktop:54px;\"}' ><h2 style=\"font-weight:bold;margin-bottom:65px;\">Bem-vindo ao nosso site<\/h2><\/div><\/div><div class=\"vc_row wpb_row vc_inner vc_row-fluid vc_row-o-equal-height vc_row-o-content-middle vc_row-flex\"><div class=\"wpb_column vc_column_container vc_col-sm-6\"><div class=\"vc_column-inner vc_custom_1491746388981\"><div class=\"wpb_wrapper\"><style type=\"text\/css\" data-type=\"the7_shortcodes-inline-css\">.shortcode-single-image-wrap.shortcode-single-image-73c53ec03adfd57bbc4fdc30b78efb22.enable-bg-rollover .rollover i,\n.shortcode-single-image-wrap.shortcode-single-image-73c53ec03adfd57bbc4fdc30b78efb22.enable-bg-rollover .rollover-video i {\n  background: -webkit-linear-gradient();\n  background: linear-gradient();\n}\n.shortcode-single-image-wrap.shortcode-single-image-73c53ec03adfd57bbc4fdc30b78efb22 .rollover-icon {\n  font-size: 32px;\n  color: #ffffff;\n  min-width: 44px;\n  min-height: 44px;\n  line-height: 44px;\n  border-radius: 100px;\n  border-style: solid;\n  border-width: 0px;\n}\n.dt-icon-bg-on.shortcode-single-image-wrap.shortcode-single-image-73c53ec03adfd57bbc4fdc30b78efb22 .rollover-icon {\n  background: rgba(255,255,255,0.3);\n  box-shadow: none;\n}<\/style><div class=\"shortcode-single-image-wrap shortcode-single-image-73c53ec03adfd57bbc4fdc30b78efb22 alignnone  enable-bg-rollover dt-icon-bg-off\" style=\"margin-top:0px; margin-bottom:0px; margin-left:0px; margin-right:0px; width:1000px;\"><div class=\"shortcode-single-image\"><div class=\"fancy-media-wrap  layzr-bg\" style=\"\"><img fetchpriority=\"high\" decoding=\"async\" class=\"preload-me lazy-load aspect\" src=\"data:image\/svg+xml,%3Csvg%20xmlns%3D&#39;http%3A%2F%2Fwww.w3.org%2F2000%2Fsvg&#39;%20viewBox%3D&#39;0%200%20664%20465&#39;%2F%3E\" data-src=\"https:\/\/l2-rent.com\/wp-content\/uploads\/2024\/06\/escritorio-664x465.jpg\" data-srcset=\"https:\/\/l2-rent.com\/wp-content\/uploads\/2024\/06\/escritorio-664x465.jpg 664w\" loading=\"eager\" sizes=\"(max-width: 664px) 100vw, 664px\" width=\"664\" height=\"465\"  data-dt-location=\"https:\/\/l2-rent.com\/pt\/about-us\/escritorio\/\" style=\"--ratio: 664 \/ 465;\" alt=\"\" \/><\/div><\/div><\/div><\/div><\/div><\/div><div class=\"wpb_column vc_column_container vc_col-sm-6\"><div class=\"vc_column-inner vc_custom_1491746397816\"><div class=\"wpb_wrapper\"><div id=\"ultimate-heading-355569f2518f0a1fa\" class=\"uvc-heading ult-adjust-bottom-margin ultimate-heading-355569f2518f0a1fa uvc-3408\" data-hspacer=\"no_spacer\"  data-halign=\"left\" style=\"text-align:left\"><div class=\"uvc-heading-spacer no_spacer\" style=\"top\"><\/div><div class=\"uvc-main-heading ult-responsive\"  data-ultimate-target='.uvc-heading.ultimate-heading-355569f2518f0a1fa h2'  data-responsive-json-new='{\"font-size\":\"desktop:24px;\",\"line-height\":\"desktop:34px;\"}' ><h2 style=\"font-weight:bold;margin-bottom:25px;\">A L2 Rent \u00e9 uma marca do grupo L2<\/h2><\/div><\/div>\n\t<div class=\"wpb_text_column wpb_content_element  vc_custom_1727720863692\" >\n\t\t<div class=\"wpb_wrapper\">\n\t\t\t<p data-pm-slice=\"1 1 &#091;&#093;\"><strong>L2 Rent<\/strong> surgiu como resultado da nossa atividade e de uma procura, particularmente durante os meses de ver\u00e3o. Est\u00e1 integrada na <strong>L2 Auto<\/strong> e, al\u00e9m de alugueres, tamb\u00e9m oferece apoio \u00e0 oficina, caso um cliente tenha o seu ve\u00edculo imobilizado e precise de um meio de transporte alternativo.<\/p>\n<p><strong>L2 Rent<\/strong> revitalizou o servi\u00e7o de aluguer de ve\u00edculos na ilha do Faial. A nossa miss\u00e3o \u00e9, principalmente, proporcionar um excelente servi\u00e7o de rent-a-car e garantir a total satisfa\u00e7\u00e3o dos nossos clientes e parceiros.<\/p>\n<p>Temos uma equipa jovem e motivada, sempre pronta para receber calorosamente os nossos clientes. O nosso foco \u00e9 garantir que os clientes sintam que foram bem atendidos e que voltar\u00e3o.<\/p>\n\n\t\t<\/div>\n\t<\/div>\n<style type=\"text\/css\" data-type=\"the7_shortcodes-inline-css\">#default-btn-6e0a533e808841b127a2db1e1f1a1454.ico-right-side > i {\n  margin-right: 0px;\n  margin-left: 8px;\n}\n#default-btn-6e0a533e808841b127a2db1e1f1a1454 > i {\n  margin-right: 8px;\n}<\/style><a href=\"https:\/\/l2-rent.com\/pt\/contact\/\" class=\"default-btn-shortcode dt-btn dt-btn-m link-hover-off btn-inline-left\" id=\"default-btn-6e0a533e808841b127a2db1e1f1a1454\" title=\"Fa\u00e7a uma reserva conosco\"><span>Necessita entrar em contato conosco?<\/span><\/a><\/div><\/div><\/div><\/div><\/div><\/div><\/div><\/div><!-- Row Backgrounds --><div class=\"upb_bg_img\" data-ultimate-bg=\"url(https:\/\/l2-rent.com\/wp-content\/uploads\/2016\/02\/bg-mem.png)\" data-image-id=\"id^1611|url^https:\/\/l2-rent.com\/wp-content\/uploads\/2016\/02\/bg-mem.png|caption^null|alt^null|title^bg-mem|description^null\" data-ultimate-bg-style=\"vcpb-hz-jquery\" data-bg-img-repeat=\"repeat\" data-bg-img-size=\"initial\" data-bg-img-position=\"\" data-parallx_sense=\"40\" data-bg-override=\"ex-full\" data-bg_img_attach=\"scroll\" data-upb-overlay-color=\"\" data-upb-bg-animation=\"\" data-fadeout=\"\" data-bg-animation=\"left-animation\" data-bg-animation-type=\"h\" data-animation-repeat=\"repeat\" data-fadeout-percentage=\"30\" data-parallax-content=\"\" data-parallax-content-sense=\"30\" data-row-effect-mobile-disable=\"true\" data-img-parallax-mobile-disable=\"true\" data-rtl=\"false\"  data-custom-vc-row=\"\"  data-vc=\"8.7.2\"  data-is_old_vc=\"\"  data-theme-support=\"\"   data-overlay=\"false\" data-overlay-color=\"\" data-overlay-pattern=\"\" data-overlay-pattern-opacity=\"\" data-overlay-pattern-size=\"\"    ><\/div><!-- Row Backgrounds --><div class=\"upb_color\" data-bg-override=\"ex-full\" data-bg-color=\"#f4f4f4\" data-fadeout=\"\" data-fadeout-percentage=\"30\" data-parallax-content=\"\" data-parallax-content-sense=\"30\" data-row-effect-mobile-disable=\"true\" data-img-parallax-mobile-disable=\"true\" data-rtl=\"false\"  data-custom-vc-row=\"\"  data-vc=\"8.7.2\"  data-is_old_vc=\"\"  data-theme-support=\"\"   data-overlay=\"false\" data-overlay-color=\"\" data-overlay-pattern=\"\" data-overlay-pattern-opacity=\"\" data-overlay-pattern-size=\"\"    ><\/div><div class=\"vc_row wpb_row vc_row-fluid vc_custom_1563372391369 vc_row-has-fill\"><div class=\"wpb_column vc_column_container vc_col-sm-10 vc_col-lg-offset-2 vc_col-lg-8 vc_col-md-offset-1 vc_col-md-10 vc_col-sm-offset-1\"><div class=\"vc_column-inner\"><div class=\"wpb_wrapper\"><div id=\"ultimate-heading-501469f2518f0b12c\" class=\"uvc-heading ult-adjust-bottom-margin ultimate-heading-501469f2518f0b12c uvc-7876\" data-hspacer=\"no_spacer\"  data-halign=\"center\" style=\"text-align:center\"><div class=\"uvc-heading-spacer no_spacer\" style=\"top\"><\/div><div class=\"uvc-main-heading ult-responsive\"  data-ultimate-target='.uvc-heading.ultimate-heading-501469f2518f0b12c h2'  data-responsive-json-new='{\"font-size\":\"desktop:34px;\",\"line-height\":\"desktop:44px;\"}' ><h2 style=\"font-weight:bold;color:#ec7834;margin-bottom:20px;\">Fa\u00e7a uma reserva conosco<\/h2><\/div><div class=\"uvc-sub-heading ult-responsive\"  data-ultimate-target='.uvc-heading.ultimate-heading-501469f2518f0b12c .uvc-sub-heading '  data-responsive-json-new='{\"font-size\":\"desktop:60px;mobile_landscape:44px;\",\"line-height\":\"desktop:70px;mobile_landscape:54px;\"}'  style=\"font-family:&#039;Roboto Condensed&#039;;font-weight:bold;color:#ffffff;margin-bottom:40px;\">Visite nossa p\u00e1gina de reservas e verifique a disponibilidade<\/div><\/div><div class=\"vc_custom_1717494555564 ubtn-ctn-center\"><a class=\"ubtn-link ult-adjust-bottom-margin ubtn-center ubtn-large\" href=\"https:\/\/l2-rent.com\/pt\/reserve\/\" title=\"Reserve um Ve\u00edculo\" ><button type=\"button\" id=\"ubtn-7758\"  class=\"ubtn ult-adjust-bottom-margin ult-responsive ubtn-large ubtn-no-hover-bg  none  ubtn-center   tooltip-69f2518f0b182\"  data-hover=\"#ec7834\" data-border-color=\"\" data-bg=\"#ffffff\" data-hover-bg=\"#ffffff\" data-border-hover=\"\" data-shadow-hover=\"\" data-shadow-click=\"none\" data-shadow=\"\" data-shd-shadow=\"\"  data-ultimate-target='#ubtn-7758'  data-responsive-json-new='{\"font-size\":\"desktop:24px;\",\"line-height\":\"desktop:34px;\"}'  style=\"font-family:&#039;Roboto Condensed&#039;;font-weight:bold;border:none;background: #ffffff;color: #1c66a0;\"><span class=\"ubtn-hover\" style=\"background-color:#ffffff\"><\/span><span class=\"ubtn-data ubtn-text\" >Reserve um ve\u00edculo<\/span><\/button><\/a><\/div><\/div><\/div><\/div><\/div><!-- Row Backgrounds --><div class=\"upb_bg_img\" data-ultimate-bg=\"url(https:\/\/l2-rent.com\/wp-content\/uploads\/2016\/02\/bg-mem.png)\" data-image-id=\"id^1611|url^https:\/\/l2-rent.com\/wp-content\/uploads\/2016\/02\/bg-mem.png|caption^null|alt^null|title^bg-mem|description^null\" data-ultimate-bg-style=\"vcpb-hz-jquery\" data-bg-img-repeat=\"repeat\" data-bg-img-size=\"initial\" data-bg-img-position=\"\" data-parallx_sense=\"40\" data-bg-override=\"ex-full\" data-bg_img_attach=\"scroll\" data-upb-overlay-color=\"\" data-upb-bg-animation=\"\" data-fadeout=\"\" data-bg-animation=\"left-animation\" data-bg-animation-type=\"h\" data-animation-repeat=\"repeat\" data-fadeout-percentage=\"30\" data-parallax-content=\"\" data-parallax-content-sense=\"30\" data-row-effect-mobile-disable=\"true\" data-img-parallax-mobile-disable=\"true\" data-rtl=\"false\"  data-custom-vc-row=\"\"  data-vc=\"8.7.2\"  data-is_old_vc=\"\"  data-theme-support=\"\"   data-overlay=\"false\" data-overlay-color=\"\" data-overlay-pattern=\"\" data-overlay-pattern-opacity=\"\" data-overlay-pattern-size=\"\"    ><\/div>\n<\/div>","protected":false},"excerpt":{"rendered":"<p>Bem-vindo ao nosso WebsiteA L2 Rent \u00e9 uma marca do grupo L2 A L2 Rent surgiu como resultado da nossa atividade e de uma procura, nomeadamente durante os meses de ver\u00e3o. Est\u00e1 integrada na L2 Auto e, para al\u00e9m dos alugueres, tamb\u00e9m presta apoio \u00e0 oficina no caso de um cliente ter a sua viatura imobilizada\u2026<\/p>","protected":false},"author":1,"featured_media":0,"parent":0,"menu_order":5,"comment_status":"closed","ping_status":"closed","template":"","meta":{"footnotes":""},"class_list":["post-388","page","type-page","status-publish","hentry","description-off"],"yoast_head":"<!-- This site is optimized with the Yoast SEO plugin v27.5 - https:\/\/yoast.com\/product\/yoast-seo-wordpress\/ -->\n<title>About L2 Rent - L2 Rent - Rent-a-Car no Faial, A\u00e7ores<\/title>\n<meta name=\"robots\" content=\"index, follow, max-snippet:-1, max-image-preview:large, max-video-preview:-1\" \/>\n<link rel=\"canonical\" href=\"https:\/\/l2-rent.com\/pt\/about-us\/\" \/>\n<meta property=\"og:locale\" content=\"pt_PT\" \/>\n<meta property=\"og:type\" content=\"article\" \/>\n<meta property=\"og:title\" content=\"About L2 Rent - L2 Rent - Rent-a-Car no Faial, A\u00e7ores\" \/>\n<meta property=\"og:url\" content=\"https:\/\/l2-rent.com\/pt\/about-us\/\" \/>\n<meta property=\"og:site_name\" content=\"L2 Rent - Rent-a-Car no Faial, A\u00e7ores\" \/>\n<meta property=\"article:modified_time\" content=\"2024-10-01T14:55:00+00:00\" \/>\n<meta name=\"twitter:card\" content=\"summary_large_image\" \/>\n<meta name=\"twitter:label1\" content=\"Tempo estimado de leitura\" \/>\n\t<meta name=\"twitter:data1\" content=\"12 minutos\" \/>\n<script type=\"application\/ld+json\" class=\"yoast-schema-graph\">{\"@context\":\"https:\\\/\\\/schema.org\",\"@graph\":[{\"@type\":\"WebPage\",\"@id\":\"https:\\\/\\\/l2-rent.com\\\/about-us\\\/\",\"url\":\"https:\\\/\\\/l2-rent.com\\\/about-us\\\/\",\"name\":\"About L2 Rent - L2 Rent - Rent-a-Car no Faial, A\u00e7ores\",\"isPartOf\":{\"@id\":\"https:\\\/\\\/l2-rent.com\\\/#website\"},\"datePublished\":\"2016-02-08T15:50:40+00:00\",\"dateModified\":\"2024-10-01T14:55:00+00:00\",\"breadcrumb\":{\"@id\":\"https:\\\/\\\/l2-rent.com\\\/about-us\\\/#breadcrumb\"},\"inLanguage\":\"pt-PT\",\"potentialAction\":[{\"@type\":\"ReadAction\",\"target\":[\"https:\\\/\\\/l2-rent.com\\\/about-us\\\/\"]}]},{\"@type\":\"BreadcrumbList\",\"@id\":\"https:\\\/\\\/l2-rent.com\\\/about-us\\\/#breadcrumb\",\"itemListElement\":[{\"@type\":\"ListItem\",\"position\":1,\"name\":\"Home\",\"item\":\"https:\\\/\\\/l2-rent.com\\\/\"},{\"@type\":\"ListItem\",\"position\":2,\"name\":\"About L2 Rent\"}]},{\"@type\":\"WebSite\",\"@id\":\"https:\\\/\\\/l2-rent.com\\\/#website\",\"url\":\"https:\\\/\\\/l2-rent.com\\\/\",\"name\":\"L2 Rent - Rent-a-Car no Faial, A\u00e7ores\",\"description\":\"Rent-a-Car na cidade da Horta, ilha do Faial, A\u00e7ores\",\"publisher\":{\"@id\":\"https:\\\/\\\/l2-rent.com\\\/#organization\"},\"potentialAction\":[{\"@type\":\"SearchAction\",\"target\":{\"@type\":\"EntryPoint\",\"urlTemplate\":\"https:\\\/\\\/l2-rent.com\\\/?s={search_term_string}\"},\"query-input\":{\"@type\":\"PropertyValueSpecification\",\"valueRequired\":true,\"valueName\":\"search_term_string\"}}],\"inLanguage\":\"pt-PT\"},{\"@type\":\"Organization\",\"@id\":\"https:\\\/\\\/l2-rent.com\\\/#organization\",\"name\":\"L2 Rent - Rent-a-Car no Faial, A\u00e7ores\",\"url\":\"https:\\\/\\\/l2-rent.com\\\/\",\"logo\":{\"@type\":\"ImageObject\",\"inLanguage\":\"pt-PT\",\"@id\":\"https:\\\/\\\/l2-rent.com\\\/#\\\/schema\\\/logo\\\/image\\\/\",\"url\":\"https:\\\/\\\/l2-rent.com\\\/wp-content\\\/uploads\\\/2024\\\/05\\\/logo-final-retina-vermelho.png\",\"contentUrl\":\"https:\\\/\\\/l2-rent.com\\\/wp-content\\\/uploads\\\/2024\\\/05\\\/logo-final-retina-vermelho.png\",\"width\":369,\"height\":82,\"caption\":\"L2 Rent - Rent-a-Car no Faial, A\u00e7ores\"},\"image\":{\"@id\":\"https:\\\/\\\/l2-rent.com\\\/#\\\/schema\\\/logo\\\/image\\\/\"}}]}<\/script>\n<!-- \/ Yoast SEO plugin. -->","yoast_head_json":{"title":"About L2 Rent - L2 Rent - Rent-a-Car no Faial, A\u00e7ores","robots":{"index":"index","follow":"follow","max-snippet":"max-snippet:-1","max-image-preview":"max-image-preview:large","max-video-preview":"max-video-preview:-1"},"canonical":"https:\/\/l2-rent.com\/pt\/about-us\/","og_locale":"pt_PT","og_type":"article","og_title":"About L2 Rent - L2 Rent - Rent-a-Car no Faial, A\u00e7ores","og_url":"https:\/\/l2-rent.com\/pt\/about-us\/","og_site_name":"L2 Rent - Rent-a-Car no Faial, A\u00e7ores","article_modified_time":"2024-10-01T14:55:00+00:00","twitter_card":"summary_large_image","twitter_misc":{"Tempo estimado de leitura":"12 minutos"},"schema":{"@context":"https:\/\/schema.org","@graph":[{"@type":"WebPage","@id":"https:\/\/l2-rent.com\/about-us\/","url":"https:\/\/l2-rent.com\/about-us\/","name":"About L2 Rent - L2 Rent - Rent-a-Car no Faial, A\u00e7ores","isPartOf":{"@id":"https:\/\/l2-rent.com\/#website"},"datePublished":"2016-02-08T15:50:40+00:00","dateModified":"2024-10-01T14:55:00+00:00","breadcrumb":{"@id":"https:\/\/l2-rent.com\/about-us\/#breadcrumb"},"inLanguage":"pt-PT","potentialAction":[{"@type":"ReadAction","target":["https:\/\/l2-rent.com\/about-us\/"]}]},{"@type":"BreadcrumbList","@id":"https:\/\/l2-rent.com\/about-us\/#breadcrumb","itemListElement":[{"@type":"ListItem","position":1,"name":"Home","item":"https:\/\/l2-rent.com\/"},{"@type":"ListItem","position":2,"name":"About L2 Rent"}]},{"@type":"WebSite","@id":"https:\/\/l2-rent.com\/#website","url":"https:\/\/l2-rent.com\/","name":"L2 Rent - Rent-a-Car no Faial, A\u00e7ores","description":"Rent-a-Car na cidade da Horta, ilha do Faial, A\u00e7ores","publisher":{"@id":"https:\/\/l2-rent.com\/#organization"},"potentialAction":[{"@type":"SearchAction","target":{"@type":"EntryPoint","urlTemplate":"https:\/\/l2-rent.com\/?s={search_term_string}"},"query-input":{"@type":"PropertyValueSpecification","valueRequired":true,"valueName":"search_term_string"}}],"inLanguage":"pt-PT"},{"@type":"Organization","@id":"https:\/\/l2-rent.com\/#organization","name":"L2 Rent - Rent-a-Car no Faial, A\u00e7ores","url":"https:\/\/l2-rent.com\/","logo":{"@type":"ImageObject","inLanguage":"pt-PT","@id":"https:\/\/l2-rent.com\/#\/schema\/logo\/image\/","url":"https:\/\/l2-rent.com\/wp-content\/uploads\/2024\/05\/logo-final-retina-vermelho.png","contentUrl":"https:\/\/l2-rent.com\/wp-content\/uploads\/2024\/05\/logo-final-retina-vermelho.png","width":369,"height":82,"caption":"L2 Rent - Rent-a-Car no Faial, A\u00e7ores"},"image":{"@id":"https:\/\/l2-rent.com\/#\/schema\/logo\/image\/"}}]}},"_links":{"self":[{"href":"https:\/\/l2-rent.com\/pt\/wp-json\/wp\/v2\/pages\/388","targetHints":{"allow":["GET"]}}],"collection":[{"href":"https:\/\/l2-rent.com\/pt\/wp-json\/wp\/v2\/pages"}],"about":[{"href":"https:\/\/l2-rent.com\/pt\/wp-json\/wp\/v2\/types\/page"}],"author":[{"embeddable":true,"href":"https:\/\/l2-rent.com\/pt\/wp-json\/wp\/v2\/users\/1"}],"replies":[{"embeddable":true,"href":"https:\/\/l2-rent.com\/pt\/wp-json\/wp\/v2\/comments?post=388"}],"version-history":[{"count":18,"href":"https:\/\/l2-rent.com\/pt\/wp-json\/wp\/v2\/pages\/388\/revisions"}],"predecessor-version":[{"id":10518,"href":"https:\/\/l2-rent.com\/pt\/wp-json\/wp\/v2\/pages\/388\/revisions\/10518"}],"wp:attachment":[{"href":"https:\/\/l2-rent.com\/pt\/wp-json\/wp\/v2\/media?parent=388"}],"curies":[{"name":"wp","href":"https:\/\/api.w.org\/{rel}","templated":true}]}}